{"id":7873,"date":"2020-11-20T17:01:30","date_gmt":"2020-11-20T14:01:30","guid":{"rendered":"https:\/\/atlasyol.com\/?page_id=7873"},"modified":"2020-11-24T13:31:20","modified_gmt":"2020-11-24T10:31:20","slug":"gizlilik-politikasi-ve-kullanim-kosullari","status":"publish","type":"page","link":"https:\/\/atlasyol.com\/en\/gizlilik-politikasi-ve-kullanim-kosullari\/","title":{"rendered":"Privacy Policy | Terms of Use"},"content":{"rendered":"<div class=\"ts-row wpb_row vc_row-fluid ts-total-col-1 ts-zindex-0 vc_row container ts-bgimage-position-center_center\">\n\n        \n\t\n\t\n\t\t\n<div class=\"ts-column wpb_column vc_column_container vc_col-sm-12 ts-zindex-0\">\n\t<div class=\"vc_column-inner\">\n\t\t\t\t<div class=\"wpb_wrapper\">\n\t\t\t<div class=\"vc_tta-container\" data-vc-action=\"collapse\"><div class=\"vc_general vc_tta vc_tta-tabs vc_tta-color-skincolor vc_tta-style-modern vc_tta-shape-rounded vc_tta-spacing-1 vc_tta-o-no-fill vc_tta-tabs-position-top vc_tta-controls-align-center\"><div class=\"vc_tta-tabs-container\"><ul class=\"vc_tta-tabs-list\"><li class=\"vc_tta-tab vc_active\" data-vc-tab><a href=\"#1605868939266-18af5568-a0e9\" data-vc-tabs data-vc-container=\".vc_tta\"><span class=\"vc_tta-title-text\">AYDINLATMA METN\u0130<\/span><\/a><\/li><li class=\"vc_tta-tab\" data-vc-tab><a href=\"#1605868940039-3fc52fe4-2e4c\" data-vc-tabs data-vc-container=\".vc_tta\"><span class=\"vc_tta-title-text\">KVKK POL\u0130T\u0130KASI<\/span><\/a><\/li><li class=\"vc_tta-tab\" data-vc-tab><a href=\"#1605881279647-33412560-35c4\" data-vc-tabs data-vc-container=\".vc_tta\"><span class=\"vc_tta-title-text\">G\u0130ZL\u0130L\u0130K POL\u0130T\u0130KASI<\/span><\/a><\/li><li class=\"vc_tta-tab\" data-vc-tab><a href=\"#1605868900538-78500e4e-ae76\" data-vc-tabs data-vc-container=\".vc_tta\"><span class=\"vc_tta-title-text\">KULLANIM KO\u015eULLARI<\/span><\/a><\/li><li class=\"vc_tta-tab\" data-vc-tab><a href=\"#1605868940723-5868ac69-aab0\" data-vc-tabs data-vc-container=\".vc_tta\"><span class=\"vc_tta-title-text\">B\u0130LG\u0130 ED\u0130NME BA\u015eVURU FORMU<\/span><\/a><\/li><\/ul><\/div><div class=\"vc_tta-panels-container\"><div class=\"vc_tta-panels\"><div class=\"vc_tta-panel vc_active\" id=\"1605868939266-18af5568-a0e9\" data-vc-content=\".vc_tta-panel-body\"><div class=\"vc_tta-panel-heading\"><h4 class=\"vc_tta-panel-title\"><a href=\"#1605868939266-18af5568-a0e9\" data-vc-accordion data-vc-container=\".vc_tta-container\"><span class=\"vc_tta-title-text\">AYDINLATMA METN\u0130<\/span><\/a><\/h4><\/div><div class=\"vc_tta-panel-body\"><div class=\"vc_empty_space\"   style=\"height: 32px\"><span class=\"vc_empty_space_inner\"><\/span><\/div><div class=\"vc_separator wpb_content_element vc_separator_align_center vc_sep_width_100 vc_sep_pos_align_center vc_separator_no_text vc_sep_color_grey\" ><span class=\"vc_sep_holder vc_sep_holder_l\"><span  class=\"vc_sep_line\"><\/span><\/span><span class=\"vc_sep_holder vc_sep_holder_r\"><span  class=\"vc_sep_line\"><\/span><\/span>\n<\/div><div class=\"vc_empty_space\"   style=\"height: 32px\"><span class=\"vc_empty_space_inner\"><\/span><\/div>\n\t<div class=\"wpb_text_column wpb_content_element\" >\n\t\t<div class=\"wpb_wrapper\">\n\t\t\t<h2 style=\"text-align: center;\"><strong>ATLASYOL YOL MADEN PROJE \u0130N\u015e M\u00dcTEAHH\u0130TL\u0130K DAN. M\u00dcHEND\u0130SL\u0130K SAN \u0130\u00c7<\/strong><br \/>\n<strong>VE DI\u015e T\u0130C. A.\u015e<\/strong><\/h2>\n<h2 style=\"text-align: center;\"><strong>AYDINLATMA METN\u0130<\/strong><\/h2>\n\n\t\t<\/div>\n\t<\/div>\n\n\t<div class=\"wpb_text_column wpb_content_element\" >\n\t\t<div class=\"wpb_wrapper\">\n\t\t\t<h4>\u015eirketimiz, ki\u015fisel veri sahiplerinin \u00f6zel hayat\u0131n gizlili\u011fini, temel hak ve h\u00fcrriyetleri esas almak \u00fczere ki\u015fisel verilerin korunmas\u0131 ilkelerini kendisine ilke edinmekte ve bu kapsamda i\u015fbu metin ile 6698 say\u0131l\u0131 Ki\u015fisel Verilerin Korunmas\u0131 Kanunu Madde 10 kapsam\u0131nda ayd\u0131nlatma y\u00fck\u00fcml\u00fcl\u00fc\u011f\u00fcn\u00fc yerine<br \/>\ngetirmektedir.<\/h4>\n<h4><strong>VER\u0130 SORUMLUSU<\/strong><\/h4>\n<h4>Ki\u015fisel verileriniz, ATLASYOL YOL MADEN PROJE \u0130N\u015e M\u00dcTEAHH\u0130TL\u0130K DAN. M\u00dcHEND\u0130SL\u0130K SAN \u0130\u00c7 VE DI\u015e T\u0130C. A.\u015e taraf\u0131ndan veri sorumlusu olarak i\u015flenebilmektedir.<\/h4>\n<h4><strong>\u0130\u015eLENEN K\u0130\u015e\u0130SEL VER\u0130LER<\/strong><\/h4>\n<h4>Bu anlamda ki\u015fisel verileriniz olarak ad-soyad, do\u011fum bilgisi, do\u011fum yeri, ev adresi, i\u015f adresi, TC kimlik numaras\u0131, Vergi Dairesi ve Vergi Numaras\u0131, telefon numaras\u0131, mail adresi, pasaport numaras\u0131, \u00f6zge\u00e7mi\u015f foto\u011fraf, sa\u011fl\u0131k bilgileriniz, aile bilgileriniz, cinsiyet, ya\u015f, akademik bilgi, engellilik durum,<br \/>\nmedeni durum, \u00fccret bordrolar\u0131, \u00e7ocuklar\u0131na ait bilgileriniz, kan gurubunuz, banka hesap numaran\u0131z ve bunlarla s\u0131n\u0131rl\u0131 olmamak \u00fczere bunun gibi ki\u015fiyi do\u011frudan veya dolayl\u0131 olarak tan\u0131mlayan, ki\u015fiyi belirlenebilir k\u0131lan verilerdir. \u00d6zel nitelikli ki\u015fisel veriler ancak ki\u015finin a\u00e7\u0131k r\u0131zas\u0131 kapsam\u0131nda i\u015flenebilir. \u00d6zel nitelikli ki\u015fisel verilerden kastedilen ise ki\u015filerin \u0131rk\u0131, etnik k\u00f6keni, siyasi d\u00fc\u015f\u00fcncesi, felsefi inanc\u0131, dini, mezhebi veya di\u011fer inan\u00e7lar\u0131, k\u0131l\u0131k ve k\u0131yafeti, dernek, vak\u0131f ya da sendika \u00fcyeli\u011fi, sa\u011fl\u0131\u011f\u0131, cinsel hayat\u0131, ceza mahk\u00fbmiyeti ve g\u00fcvenlik tedbirleriyle ilgili verileri ile biyometrik ve genetik verileridir.<\/h4>\n<h4>Ayr\u0131ca konuya ili\u015fkin detayl\u0131 bilgi i\u00e7in www.atlasyol.schuhenwelt.ch adresimizde mevcut \u201cATLASYOL YOL MADEN PROJE \u0130N\u015e M\u00dcTEAHH\u0130TL\u0130K DAN. M\u00dcHEND\u0130SL\u0130K SAN \u0130\u00c7 VE DI\u015e T\u0130C. A.\u015e K\u0130\u015e\u0130SEL VER\u0130LER\u0130N KORUNMASI ve \u0130\u015eLENMES\u0130 POL\u0130T\u0130KASI\u201dn\u0131 inceleyebilirsiniz.<\/h4>\n<h4><strong>K\u0130\u015e\u0130SEL VER\u0130 \u0130\u015eLEME AMA\u00c7LARI<\/strong><\/h4>\n<h4>Ki\u015fisel veri i\u015fleme ama\u00e7lar\u0131 6698 say\u0131l\u0131 Ki\u015fisel Verilerin Korunmas\u0131 Kanunu (KVKK) madde 5 kapsam\u0131nda dile getirilmi\u015ftir. Bunlar yan\u0131nda \u015firketimiz \u015firket faaliyetlerin devam\u0131, ticari ve i\u015flem g\u00fcvenli\u011finin sa\u011flanmas\u0131, insan kaynaklar\u0131 politikalar\u0131n\u0131n y\u00fcr\u00fct\u00fclmesi gibi ama\u00e7larla i\u015flemektedir.<\/h4>\n<h4>Bu ama\u00e7la insan kaynaklar\u0131 s\u00fcre\u00e7lerinin planlanmas\u0131, y\u00fcr\u00fct\u00fclmesi, performans de\u011ferlendirme, \u00f6zl\u00fck dosyas\u0131 olu\u015fturma ve saklama, \u015firket i\u00e7i operasyonel faaliyetlerin y\u00fcr\u00fct\u00fclmesi, hukuki ve ticari g\u00fcvenli\u011fin temini, hizmet kalitesi ve hizmet kalitesinin kontrol\u00fc, m\u00fc\u015fteri ve m\u00fc\u015fteri yetkilisi bilgileri, al\u0131m-sat\u0131m ve destek hizmetlerini g\u00f6rmek, kanun gere\u011fi hizmet almak zorunda oldu\u011fumuz \u00f6zel hukuk t\u00fczel ki\u015fileri ile kanuni y\u00fck\u00fcml\u00fcl\u00fcklerimizi yerine getirmek ve bunlarla s\u0131n\u0131rl\u0131 olmamak kayd\u0131yla bu gibi ama\u00e7larla kanuni s\u0131n\u0131rlar i\u00e7erisinde almakta ve saklamaktad\u0131r.<\/h4>\n<h4>Ayr\u0131ca konuya ili\u015fkin detayl\u0131 bilgi i\u00e7in www.atlasyol.schuhenwelt.ch adresimizde mevcut \u201cATLASYOL YOL MADEN PROJE \u0130N\u015e M\u00dcTEAHH\u0130TL\u0130K DAN. M\u00dcHEND\u0130SL\u0130K SAN \u0130\u00c7 VE DI\u015e T\u0130C. A.\u015e K\u0130\u015e\u0130SEL VER\u0130LER\u0130N KORUNMASI ve \u0130\u015eLENMES\u0130 POL\u0130T\u0130KASI\u201dn\u0131 inceleyebilirsiniz.<\/h4>\n<h4><strong>K\u0130\u015e\u0130SEL VER\u0130LER\u0130N HANG\u0130 AMA\u00c7LA ve K\u0130MLERE AKTARILAB\u0130LECE\u011e\u0130<\/strong><\/h4>\n<h4>Ki\u015fisel veriler, KVKK 8 ve 9\u2019da belirtilen i\u015fleme ama\u00e7lar\u0131na ve \u015fartlar\u0131na uygun olarak ve yukar\u0131da bahsedilen ki\u015fisel veri i\u015fleme ama\u00e7lar\u0131 do\u011frultusunda yurti\u00e7ine ve yurtd\u0131\u015f\u0131na aktar\u0131labilecektir. Bu ama\u00e7la aktar\u0131m yap\u0131lan ki\u015filer \u2013burada say\u0131lanlarla s\u0131n\u0131rl\u0131 olmamak \u00fczere -hissedarlar\u0131m\u0131z, i\u015f ortaklar\u0131m\u0131z, tedarik\u00e7ilerimiz, grup \u015firketlerimiz olan Geo Duvar \u0130n\u015faat Sanayi Ve Ticaret Ltd.\u015eti., Geoduvar \u0130n\u015faat Sanayi Ve Ticaret A.\u015e., Atlasyol Marin \u0130n\u015faat San.Ve Tic.Ltd.\u015eti., Sams Se\u00e7enekli Tek.Mak.San.Tic.Ltd.\u015eti. kanunen yetkili kamu kurum ve kurulu\u015flar\u0131, kanunen yetkili \u00f6zel hukuk ki\u015filer ve di\u011fer \u00fc\u00e7\u00fcnc\u00fc ki\u015filerdir.<\/h4>\n<h4>Ki\u015fisel verileriniz kanuni y\u00fck\u00fcml\u00fcl\u00fcklerimizi yerine getirmek amac\u0131yla, \u015firket faaliyetlerini y\u00f6netmek amac\u0131yla hizmet al\u0131nan birimlerle ( hukuk birimleri, i\u015f sa\u011fl\u0131\u011f\u0131 ve g\u00fcvenli\u011fi uzmanlar\u0131 vb.) ve bunlarla s\u0131n\u0131rl\u0131 olmamak kayd\u0131yla bu gibi ama\u00e7larla i\u015flenebilir.<\/h4>\n<h4>Ayr\u0131ca konuya ili\u015fkin detayl\u0131 bilgi i\u00e7in www.atlasyol.schuhenwelt.ch adresimizde mevcut \u201cATLASYOL YOL MADEN PROJE \u0130N\u015e M\u00dcTEAHH\u0130TL\u0130K DAN. M\u00dcHEND\u0130SL\u0130K SAN \u0130\u00c7 VE DI\u015e T\u0130C. A.\u015e K\u0130\u015e\u0130SEL VER\u0130LER\u0130N KORUNMASI ve \u0130\u015eLENMES\u0130 POL\u0130T\u0130KASI\u201dn\u0131 inceleyebilirsiniz.<\/h4>\n<h4><strong>VER\u0130 TOPLAMA Y\u00d6NTEM\u0130, SAKLAMA S\u00dcRES\u0130 ve HUKUK\u0130 SEBEB\u0130 <\/strong><\/h4>\n<h4>Ki\u015fisel veriler kanuni y\u00fck\u00fcml\u00fcl\u00fcklerin yerine getirilmesi, hak ve menfaatlerin sa\u011flanmas\u0131, \u015firket faaliyetlerinin y\u00fcr\u00fct\u00fclmesi, denetimin sa\u011flanas\u0131 gibi hukuki sebeplerle otomatik olan ya da olmayan yollarla her t\u00fcrl\u00fc fiziki ya da elektronik, yaz\u0131l\u0131, s\u00f6zl\u00fc kanallar kullan\u0131larak toplanmaktad\u0131r.<\/h4>\n<h4>Verilerin saklanma s\u00fcreleri kanuni y\u00fck\u00fcml\u00fcl\u00fcklerin yerine getirilmesi amac\u0131 ile s\u0131n\u0131rl\u0131 olarak ve faaliyetlerimizin amac\u0131 ile s\u0131n\u0131rl\u0131 olmak, zamana\u015f\u0131m\u0131 s\u00fcrelerini g\u00f6zetilerek tutulmaktad\u0131r.<\/h4>\n<h4>Ayr\u0131ca konuya ili\u015fkin detayl\u0131 bilgi i\u00e7in www.atlasyol.schuhenwelt.ch adresimizde mevcut \u201cATLASYOL YOL MADEN PROJE \u0130N\u015e M\u00dcTEAHH\u0130TL\u0130K DAN. M\u00dcHEND\u0130SL\u0130K SAN \u0130\u00c7 VE DI\u015e T\u0130C. A.\u015e K\u0130\u015e\u0130SEL VER\u0130LER\u0130N KORUNMASI ve \u0130\u015eLENMES\u0130 POL\u0130T\u0130KASI\u201dn\u0131 inceleyebilirsiniz.<\/h4>\n<h4><strong>VER\u0130 G\u00dcVENL\u0130\u011e\u0130NE \u0130L\u0130\u015eK\u0130N ALINAN TEDB\u0130RLER<\/strong><\/h4>\n<h4>\u015eirketimiz ki\u015fisel verilerinizin hukuka uygun i\u015flenmesi, g\u00fcvenli bir \u015fekilde muhafazas\u0131 ve hukuka ayk\u0131r\u0131 eri\u015fimlerin \u00f6nlenmesi amac\u0131yla gerekli idari ve teknik tedbirleri almakta, periyodik denetimler yapmaktad\u0131r.<\/h4>\n<h4>Ayr\u0131ca konuya ili\u015fkin detayl\u0131 bilgi i\u00e7in www.atlasyol.schuhenwelt.ch adresimizde mevcut \u201cATLASYOL YOL MADEN PROJE \u0130N\u015e M\u00dcTEAHH\u0130TL\u0130K DAN. M\u00dcHEND\u0130SL\u0130K SAN \u0130\u00c7 VE DI\u015e T\u0130C. A.\u015e K\u0130\u015e\u0130SEL VER\u0130LER\u0130N KORUNMASI ve \u0130\u015eLENMES\u0130 POL\u0130T\u0130KASI\u201dn\u0131 inceleyebilirsiniz.<\/h4>\n<h4><strong>K\u0130\u015e\u0130SEL VER\u0130 SAH\u0130B\u0130N\u0130N KVKK 11 KAPSAMINDA SAH\u0130P OLDU\u011eU HAKLAR<\/strong><\/h4>\n<h4>Ki\u015fisel veri sahibi KVKK 11 kapsam\u0131nda a\u015fa\u011f\u0131da ifade edilen haklara sahiptir. Ki\u015fisel veri sahibinin bu haklar kapsam\u0131nda taleplerini \u015firketimize ba\u015fvurmas\u0131 m\u00fcmk\u00fcnd\u00fcr B\u00f6yle bir ba\u015fvuru yap\u0131lmas\u0131 durumunda talebin niteli\u011fine g\u00f6re en k\u0131sa ve ancak en \u00e7ok 30(otuz) g\u00fcn i\u00e7inde kural olarak \u00fccretsiz ve ancak ba\u015fvuruya verilecek cevap ayr\u0131ca bir maliyeti gerektiriyorsa Ki\u015fisel Verileri Koruma Kurulu taraf\u0131ndan belirlenen tarife \u00fczerinden \u00fccret tahsil etmek yoluyla ba\u015fvuruya cevap verilir.<\/h4>\n<h4>Ba\u015fvuru yapmak i\u00e7in \u201cBa\u015fvuru Formu\u201d na www.atlasyol.schuhenwelt.ch adresinden ula\u015fabilirsiniz.<\/h4>\n<h4>KVKK 11 kapsam\u0131nda ki\u015fisel veri sahibinin haklar\u0131:<\/h4>\n<h4>a) Ki\u015fisel veri i\u015flenip i\u015flenmedi\u011fini \u00f6\u011frenme,<br \/>\nb) Ki\u015fisel verileri i\u015flenmi\u015fse buna ili\u015fkin bilgi talep etme,<br \/>\nc) Ki\u015fisel verilerin i\u015flenme amac\u0131n\u0131 ve bunlar\u0131n amac\u0131na uygun kullan\u0131l\u0131p kullan\u0131lmad\u0131\u011f\u0131n\u0131 \u00f6\u011frenme,<br \/>\n\u00e7) Yurt i\u00e7inde veya yurt d\u0131\u015f\u0131nda ki\u015fisel verilerin aktar\u0131ld\u0131\u011f\u0131 \u00fc\u00e7\u00fcnc\u00fc ki\u015fileri bilme,<br \/>\nd) Ki\u015fisel verilerin eksik veya yanl\u0131\u015f i\u015flenmi\u015f olmas\u0131 h\u00e2linde bunlar\u0131n d\u00fczeltilmesini isteme,<br \/>\ne) 7 nci maddede \u00f6ng\u00f6r\u00fclen \u015fartlar \u00e7er\u00e7evesinde ki\u015fisel verilerin silinmesini veya yok edilmesini isteme,<br \/>\nf) (d) ve (e) bentleri uyar\u0131nca yap\u0131lan i\u015flemlerin, ki\u015fisel verilerin aktar\u0131ld\u0131\u011f\u0131 \u00fc\u00e7\u00fcnc\u00fc ki\u015filere bildirilmesini isteme,<br \/>\ng) \u0130\u015flenen verilerin m\u00fcnhas\u0131ran otomatik sistemler vas\u0131tas\u0131yla analiz edilmesi suretiyle ki\u015finin kendisi aleyhine bir sonucun ortaya \u00e7\u0131kmas\u0131na itiraz etme,<br \/>\n\u011f) Ki\u015fisel verilerin kanuna ayk\u0131r\u0131 olarak i\u015flenmesi sebebiyle zarara u\u011framas\u0131 h\u00e2linde zarar\u0131n giderilmesini talep etme haklar\u0131na sahiptir.<\/h4>\n\n\t\t<\/div>\n\t<\/div>\n<\/div><\/div><div class=\"vc_tta-panel\" id=\"1605868940039-3fc52fe4-2e4c\" data-vc-content=\".vc_tta-panel-body\"><div class=\"vc_tta-panel-heading\"><h4 class=\"vc_tta-panel-title\"><a href=\"#1605868940039-3fc52fe4-2e4c\" data-vc-accordion data-vc-container=\".vc_tta-container\"><span class=\"vc_tta-title-text\">KVKK POL\u0130T\u0130KASI<\/span><\/a><\/h4><\/div><div class=\"vc_tta-panel-body\"><div class=\"vc_empty_space\"   style=\"height: 32px\"><span class=\"vc_empty_space_inner\"><\/span><\/div><div class=\"vc_separator wpb_content_element vc_separator_align_center vc_sep_width_100 vc_sep_pos_align_center vc_separator_no_text vc_sep_color_grey\" ><span class=\"vc_sep_holder vc_sep_holder_l\"><span  class=\"vc_sep_line\"><\/span><\/span><span class=\"vc_sep_holder vc_sep_holder_r\"><span  class=\"vc_sep_line\"><\/span><\/span>\n<\/div><div class=\"vc_empty_space\"   style=\"height: 32px\"><span class=\"vc_empty_space_inner\"><\/span><\/div>\n\t<div class=\"wpb_text_column wpb_content_element\" >\n\t\t<div class=\"wpb_wrapper\">\n\t\t\t<h2 style=\"text-align: center;\"><strong>ATLASYOL YOL MADEN PROJE \u0130N\u015e M\u00dcTEAHH\u0130TL\u0130K DAN. M\u00dcHEND\u0130SL\u0130K SAN<\/strong><br \/>\n<strong>\u0130\u00c7 VE DI\u015e T\u0130C. A.\u015e<\/strong><\/h2>\n<h2 style=\"text-align: center;\"><strong>KVKK POL\u0130T\u0130KASI.<\/strong><\/h2>\n\n\t\t<\/div>\n\t<\/div>\n\n\t<div class=\"wpb_text_column wpb_content_element\" >\n\t\t<div class=\"wpb_wrapper\">\n\t\t\t<h4><strong>\u00a0 \u00a0 \u00a0 \u00a0 \u00a0 \u00a01. POL\u0130T\u0130KA<\/strong><\/h4>\n<h4><strong>1.1. Genel Olarak<\/strong><\/h4>\n<h4>Ki\u015fisel verilerin korunmas\u0131, \u00f6zel hayat\u0131n gizlili\u011fi ve bu kapsamda ki\u015filerin temel hak ve h\u00fcrriyetleri ve ilgili hukuki d\u00fczenlemelere uyum veri sorumlusu olarak <strong>ATLASYOL YOL MADEN PROJE \u0130N\u015e M\u00dcTEAHH\u0130TL\u0130K DAN. M\u00dcHEND\u0130SL\u0130K SAN \u0130\u00c7 VE DI\u015e T\u0130C. ANON\u0130M \u015e\u0130RKET\u0130<\/strong>\u2019nin en \u00f6nemli \u00f6ncelikleri aras\u0131ndad\u0131r.<\/h4>\n<h4><strong>1.2. Politikan\u0131n Amac\u0131<\/strong><\/h4>\n<h4>\u0130\u015fbu Ki\u015fisel Verilerin Korunmas\u0131 ve Gizlilik Politikas\u0131 (\u2018\u2018Politika\u2019\u2019) ve \u015eirketin faaliyetlerini y\u00fcr\u00fct\u00fcrken ki\u015fisel verileri, ba\u015fta 6698 say\u0131l\u0131 KVKK ba\u015fta olmak \u00fczere, di\u011fer yasal mevzuata ve hukuka uygun y\u00fcr\u00fct\u00fclmesi amac\u0131yla haz\u0131rlanm\u0131\u015ft\u0131r.<\/h4>\n<h4>Politikan\u0131n di\u011fer bir amac\u0131, ki\u015fisel verilerin korunmas\u0131 fark\u0131ndal\u0131\u011f\u0131n geli\u015ftirilmesinin yan\u0131 s\u0131ra, bu kapsamdaki prosed\u00fcrlere dair bilgi vermek, ki\u015fisel verilerin i\u015flenmesi korunmas\u0131 ve imhas\u0131na dair ilkelerin politika edinilmesi ve ilgili ki\u015filerin \u015firketimizin bu konudaki politika ve di\u011fer \u00e7al\u0131\u015fmalar\u0131 hakk\u0131nda \u015feffaf bir \u015fekilde bilgilendirilmesi amac\u0131n\u0131 da ta\u015f\u0131maktad\u0131r.<\/h4>\n<h4>Buna ilaveten, haz\u0131rlanan i\u015fbu KVK Politikas\u0131 ve di\u011fer yaz\u0131l\u0131 politikalar, KVKK ve di\u011fer ilgili yasal d\u00fczenlemelere uyum ilkemizi s\u00fcrd\u00fcr\u00fclebilir k\u0131lmay\u0131 ama\u00e7 edinmektedir.<\/h4>\n<h4><strong>1.3. Politikan\u0131n Kapsam\u0131<\/strong><\/h4>\n<h4>Bu politikan\u0131n kapsam\u0131, \u015eirketimiz taraf\u0131ndan otomatik olan veya bir veri kay\u0131t sisteminin par\u00e7as\u0131 olmak kayd\u0131yla otomatik olmayan yollarla i\u015flenen ki\u015fisel verilere y\u00f6neliktir. Ayr\u0131ca i\u015fbu Politika kapsam\u0131nda Ki\u015fisel Verilerin Korunmas\u0131na \u0130li\u015fkin \u0130\u00e7 Y\u00f6nerge olu\u015fturulmu\u015ftur.<\/h4>\n<h4>S\u00f6z konusu politika, mevzuat\u0131n gerektirmesi halinde g\u00fcncellenebilir, de\u011fi\u015ftirilebilir. Ancak yine de mevzuat ile politika aras\u0131nda herhangi bir uyumsuzluk olmas\u0131 halinde mevzuat\u0131n esas al\u0131naca\u011f\u0131 kabul edilecektir. Zaten politika ile ama\u00e7lanan hususun mevzuat\u0131n soyut ifadelerinin \u015firketimiz<br \/>\nnezdinde somutla\u015ft\u0131r\u0131lmas\u0131d\u0131r.<\/h4>\n<h4><strong>1.4. Politikan\u0131n Y\u00fcr\u00fcrl\u00fc\u011f\u00fc<\/strong><\/h4>\n<h4>\u0130\u015fbu politika, \u015eirketimiz y\u00f6netim kurulu taraf\u0131ndan onaylanarak y\u00fcr\u00fcrl\u00fc\u011fe girer, internet sitesinde (https:\/\/www.atlasyol.schuhenwelt.ch.tr) yay\u0131mlan\u0131r ve bu yolla \u0130lgili Ki\u015filerin eri\u015fimine sunulur.<\/h4>\n<h4>\u00a0 <strong>\u00a0 \u00a0 \u00a0 \u00a0 2. K\u0130\u015e\u0130SEL VER\u0130LER\u0130N \u0130\u015eLENMES\u0130NDE KANUN VE \u0130LG\u0130L\u0130 D\u0130\u011eER MEVZUAT KAPSAMINDA ESAS ALINAN \u0130LKELER<\/strong><\/h4>\n<h4><strong>2.1. Hukuka ve D\u00fcr\u00fcstl\u00fck Kurallar\u0131na Uygun \u0130\u015fleme<\/strong><\/h4>\n<h4>\u015eirketimiz ki\u015fisel verilere dair y\u00fcr\u00fctt\u00fc\u011f\u00fc her i\u015flemde hukuk ve d\u00fcr\u00fcstl\u00fck kural\u0131n\u0131 k\u0131stas almakta, ki\u015fisel verilerim i\u015fleme ama\u00e7lar\u0131 da dahil olmak \u00fczere ki\u015fisel veriler hakk\u0131nda her t\u00fcrl\u00fc bilgi ve prosed\u00fcr hakk\u0131nda i\u015fbu Politika ve di\u011fer metinler arac\u0131l\u0131\u011f\u0131yla \u015feffafl\u0131k ilkesinin de bir gere\u011fi olarak bilgilendirmede bulunmaktad\u0131r.<\/h4>\n<h4><strong>2.2. Ki\u015fisel Verilerin Do\u011fru ve Gerekti\u011finde G\u00fcncel Olmas\u0131n\u0131 Sa\u011flama<\/strong><\/h4>\n<h4>\u015eirketimizin ki\u015fisel verileri i\u015fleme ve daha sonras\u0131nda bu verilere y\u00f6nelik yapm\u0131\u015f oldu\u011fu t\u00fcm faaliyetlerde bu bilgilerin do\u011frulu\u011funu ve g\u00fcncelli\u011fini sa\u011flayacak bir sisteme sahiptir. \u0130lgili ki\u015filerin do\u011fru ve g\u00fcncel veri i\u015fleme faaliyeti i\u00e7in ba\u015fvuruda bulunmalar\u0131 da m\u00fcmk\u00fcnd\u00fcr.<\/h4>\n<h4><strong>2.3. Belirli, A\u00e7\u0131k ve Me\u015fru Ama\u00e7larla \u0130\u015fleme<\/strong><\/h4>\n<h4>\u015eirketimiz, ki\u015fisel veri i\u015fleme amac\u0131n\u0131 me\u015fru ve hukuka uygun s\u0131n\u0131rlar i\u00e7erisinde a\u00e7\u0131k bir \u015fekilde belirlemektedir. Kullan\u0131lan metinlerde belirli ve a\u00e7\u0131k olma ilkeleri gere\u011fi konusunda uzman olmayan ki\u015filer taraf\u0131ndan da anla\u015f\u0131labilecek ifadelere yer verilmekte, belirsiz ve karma\u015f\u0131k ifadelerden uzak durulmaktad\u0131r. \u0130\u015fbu politika ve di\u011fer metinler ile ki\u015fisel veri i\u015flemeye ba\u015flamadan evvel \u015feffafl\u0131k ilkesi kapsam\u0131nda ilgili ki\u015filere y\u00f6nelik bilgilendirme faaliyeti de ger\u00e7ekle\u015ftirilmektedir.<\/h4>\n<h4><strong>2.4. \u0130\u015flendikleri Ama\u00e7larla Ba\u011flant\u0131l\u0131, S\u0131n\u0131rl\u0131 ve \u00d6l\u00e7\u00fcl\u00fc Olma<\/strong><\/h4>\n<h4>\u015eirketimiz, ki\u015fisel verileri, faaliyet konusu ile ba\u011flant\u0131l\u0131 ve orant\u0131l\u0131 bir bi\u00e7imde belirli ve me\u015fru bir ama\u00e7 i\u00e7in ki\u015fisel veri i\u015flemektedir . Bu kapsamda veri i\u015fleme faaliyeti hangi ama\u00e7 i\u00e7in yap\u0131lm\u0131\u015fsa o y\u00f6nde kullan\u0131lmakta, ba\u015fka ama\u00e7lar i\u00e7in o veriden faydalan\u0131lmamaktad\u0131r. Ayr\u0131ca \u015fu an\/ileride ihtiya\u00e7 duyulmayan ki\u015fisel verileri i\u015flemekten \u00f6zenle ka\u00e7\u0131nmaktad\u0131r. Yahut ileride ger\u00e7ekle\u015fmesi beklenen ama\u00e7lar i\u00e7in de veri i\u015fleme faaliyeti yap\u0131lmamaktad\u0131r.<\/h4>\n<h4><strong>2.5. \u0130lgili Mevzuatta \u00d6ng\u00f6r\u00fclen veya \u0130\u015flendikleri Ama\u00e7 \u0130\u00e7in Gerekli Olan S\u00fcre Kadar Muhafaza Etme<\/strong><\/h4>\n<h4>\u015eirketimiz, ki\u015fisel verileri ancak ilgili mevzuatta belirtildi\u011fi veya i\u015flendikleri ama\u00e7 i\u00e7in gerekli olan s\u00fcre ile s\u0131n\u0131rl\u0131 olarak muhafaza etmektedir. Bu kapsamda \u00f6ncelikle ki\u015fisel verinin saklanmas\u0131na ili\u015fkin mevzuatta bir s\u00fcrenin belirlenip belirlenmedi\u011fi tespit edilmektedir. E\u011fer mevzuatta o ki\u015fisel veriye ili\u015fkin bir s\u00fcre belirlenmi\u015fse bu s\u00fcreye uygun i\u015flem yap\u0131lmakta, e\u011fer bir s\u00fcre belirlenmemi\u015f ise her ki\u015fisel verinin i\u015flendi\u011fi ama\u00e7 i\u00e7in gerekli olan s\u00fcre belirlenerek bu s\u00fcre kadar muhafaza edilmektedir.<\/h4>\n<h4>Bu kapsamda \u015eirketimiz, ki\u015fisel verilerin silinmesi, yok edilmesi veya anonim hale getirilmesine y\u00f6nelik politikas\u0131 ve y\u00f6nergesi haz\u0131rlamakta ve uygulamaktad\u0131r. S\u00f6z konusu ki\u015fisel veriler daha sonradan kullanabilece\u011finden bahisle muhafaza edilmemektedir.<\/h4>\n<h4>\u00a0 \u00a0 \u00a0 \u00a0 <strong>\u00a0 3. Ki\u015fisel Verilerin KVKK\u2019n\u0131n 5. Maddesinde Belirtilen \u015eartlara G\u00f6re \u0130\u015flenmesi<\/strong><\/h4>\n<h4>Ki\u015fisel veriler, \u015firketimiz, \u015firketimizin internet sitesi, e-posta yaz\u0131\u015fmalar\u0131, yaz\u0131l\u0131 ya da dijital ba\u015fvurular, fiziki veya dijital yollarla yap\u0131lan ileti\u015fimler, \u015firketin kendisinin yetkili organlar\u0131 arac\u0131l\u0131\u011f\u0131yla ileti\u015fime ge\u00e7ti\u011fi temsil yetkisi bulunan kurulu\u015f ve ki\u015filerden, ki\u015filerin r\u0131zas\u0131n\u0131n al\u0131nmas\u0131 gerekti\u011fi hallerde r\u0131za ile kanunun izin verdi\u011fi durumlarda o iznin s\u0131n\u0131rlar\u0131 kapsam\u0131nda ki\u015fisel veri i\u015flemektedir.<\/h4>\n<h4>\u015eirketimiz, ki\u015fisel verileri ancak \u0130lgili Ki\u015finin a\u00e7\u0131k r\u0131zas\u0131na dayanarak veya kanunda a\u00e7\u0131k r\u0131zan\u0131n aranmayaca\u011f\u0131 belirtilen hallerde a\u00e7\u0131k r\u0131za olmadan kanunun \u00f6ng\u00f6rd\u00fc\u011f\u00fc s\u0131n\u0131rlar kapsam\u0131nda olacak \u015fekilde i\u015flemektedir.<\/h4>\n<h4><strong>3.1. A\u00e7\u0131k R\u0131za<\/strong><\/h4>\n<h4>A\u00e7\u0131k r\u0131za, \u0130lgili Ki\u015finin belirli bir konuya ili\u015fkin ve bilgilendirmeye dayal\u0131 olarak \u00f6zg\u00fcr irade ile yapt\u0131\u011f\u0131 a\u00e7\u0131klamad\u0131r. KVKK m. 5\/1 uyar\u0131nca \u015eirketimiz, a\u00e7\u0131k r\u0131za al\u0131n\u0131rken, ki\u015fisel veri sahibinin \u00f6zg\u00fcr iradesi konusunda hassas bir anlay\u0131\u015fa sahiptir. Bu konuda ki\u015fisel veri sahiplerine herhangi bir bask\u0131da bulunmaz.<\/h4>\n<h4><strong>3.2 A\u00e7\u0131k R\u0131zan\u0131n Aranmad\u0131\u011f\u0131 Haller<\/strong><\/h4>\n<h4>KVKK m. 5\/2\u2019de ki\u015fisel verilerin baz\u0131 durumlarda \u0130lgili Ki\u015finin a\u00e7\u0131k r\u0131zas\u0131na tabi olmadan i\u015flenmesini kabul etmi\u015ftir. A\u015fa\u011f\u0131da bulunan bu \u015fartlarda \u015eirketimiz a\u00e7\u0131k r\u0131zaya ba\u015fvurmamaktad\u0131r:<\/h4>\n<h4><strong>a) Kanun h\u00fckm\u00fcn\u00fcn varl\u0131\u011f\u0131,<\/strong> halinde ki\u015fisel veri sahibinin r\u0131zas\u0131 olmaks\u0131z\u0131n kanun gere\u011fi i\u015flenebilmektedir.<\/h4>\n<h4><strong>b) Fiili imk\u00e2ns\u0131zl\u0131k halleri,<\/strong> gere\u011fi ki\u015finin hayat ve beden b\u00fct\u00fcnl\u00fc\u011f\u00fcn\u00fcn korunmas\u0131 amac\u0131 \u00fcst\u00fcn yarar kabul edilerek mevcut durum gere\u011fi ya\u015fanan fiziki imkans\u0131zl\u0131k sebebiyle ki\u015finin r\u0131zas\u0131n\u0131n<br \/>\nal\u0131namamas\u0131 durumunda ki\u015fisel verisi i\u015flenebilecektir.<\/h4>\n<h4><strong>c) S\u00f6zle\u015fmenin kurulmas\u0131 veya ifas\u0131yla do\u011frudan do\u011fruya ilgili olmas\u0131 kayd\u0131yla s\u00f6zle\u015fmenin taraflar\u0131na ait ki\u015fisel verilerin i\u015flenmesinin gerekli olmas\u0131,<\/strong> halinde de ki\u015finin r\u0131zas\u0131 aranmaks\u0131z\u0131n ki\u015fisel veri i\u015flemek m\u00fcmk\u00fcn olabilecektir.<\/h4>\n<h4><strong>d) Veri sorumlusunun hukuki y\u00fck\u00fcml\u00fcl\u00fc\u011f\u00fcn\u00fc yerine getirebilmesi i\u00e7in zorunlu olmas\u0131, <\/strong>halinde \u015firketimiz \u00fczerine d\u00fc\u015fen y\u00fck\u00fcml\u00fcl\u00fc\u011f\u00fc yerine getirmek maksad\u0131yla a\u00e7\u0131k r\u0131za aranmaks\u0131z\u0131n ki\u015fisel veri i\u015fleyebilecektir.<\/h4>\n<h4><strong>e) \u0130lgili ki\u015finin ki\u015fisel verisinin kendisi taraf\u0131ndan alenile\u015ftirilmi\u015f olmas\u0131,<\/strong> halinde bu alenile\u015ftirme amac\u0131yla s\u0131n\u0131rl\u0131 olarak s\u00f6z konusu ki\u015fisel veri a\u00e7\u0131k r\u0131za aranmaks\u0131z\u0131n i\u015flenebilecektir.<\/h4>\n<h4><strong>f) Bir hakk\u0131n tesisi, kullan\u0131lmas\u0131 veya korunmas\u0131 i\u00e7in veri i\u015flemenin zorunlu olmas\u0131<\/strong> durumunda a\u00e7\u0131k r\u0131za aranmaks\u0131z\u0131n ki\u015fisel veri i\u015flenebilecektir.<\/h4>\n<h4><strong>g) \u0130lgili ki\u015finin temel hak ve \u00f6zg\u00fcrl\u00fcklerine zarar vermemek ko\u015fuluyla veri sorumlusunun me\u015fru menfaatleri i\u00e7in veri i\u015flemenin zorunlu olmas\u0131<\/strong> durumunda a\u00e7\u0131k r\u0131za aranmaks\u0131z\u0131n ki\u015fisel veri i\u015flenebilecektir.<\/h4>\n<h4>\u00a0 \u00a0 \u00a0<strong> \u00a0 \u00a0 4. \u00d6zel Nitelikli Ki\u015fisel Veriler ve Bunlar\u0131n \u0130\u015flenmesi Y\u00f6ntemi<\/strong><\/h4>\n<h4>Ki\u015filerin \u201c\u00f6zel nitelikli\u201d verileri KVKK kapsam\u0131nda i\u015fleme ve korunmas\u0131 s\u00fcre\u00e7leri a\u00e7\u0131s\u0131ndan \u00f6zellik arz etmektedir. Zira bu bilgilerin KVKK kapsam\u0131nda uygun i\u015flenmemesi di\u011fer verilere g\u00f6re<br \/>\ndaha fazla ma\u011fduriyet olu\u015fturabilecektir. \u0130\u015fbu sebeple Politikam\u0131z kapsam\u0131nda \u201c\u00f6zel nitelikli\u201d ki\u015fisel verilerin ayr\u0131ca d\u00fczenlemesi gere\u011fi has\u0131l olmu\u015ftur.<\/h4>\n<h4>Bu kapsamda \u00f6ncelikle \u00f6zen nitelikli ki\u015fisel verinin KVKK 6 maddesinde belirtilen \u0131rk, etnik k\u00f6ken, siyasi d\u00fc\u015f\u00fcnce, felsefi inan\u00e7, din, mezhep veya di\u011fer inan\u00e7lar, k\u0131l\u0131k ve k\u0131yafet, dernek, vak\u0131f ya da sendika \u00fcyeli\u011fi, sa\u011fl\u0131k, cinsel hayat, ceza mahk\u00fbmiyeti ve g\u00fcvenlik tedbirleriyle ilgili veriler ile biyometrik ve genetik veriler oldu\u011fu ifade edilmelidir.<\/h4>\n<h4>\u00d6ncelikle \u015eirketimiz e\u011fer \u201c\u00f6zel nitelikli\u201d ki\u015fisel veri i\u015fleyecekse, i\u015flemeden evvel ki\u015fisel veri sahibine bu verilerin hangi y\u00f6ntem ve hangi ama\u00e7la i\u015flendi\u011fini, hangi ki\u015fi gruplar\u0131n\u0131n \u00f6ze nitelikli ki\u015fisel verilerini i\u015fledi\u011fini ve kimlere ve hangi ama\u00e7la aktar\u0131labilece\u011fini i\u00e7eren ve yine KVKK 11 kapsam\u0131nda sahip oldu\u011fu haklar\u0131n neler oldu\u011funa y\u00f6nelik bir ayd\u0131nlatma(bilgilendirme) yapmaktad\u0131r.<\/h4>\n<h4>\u015eirketimiz, \u0130lgili Ki\u015filer\u2019e a\u00e7\u0131k r\u0131zas\u0131n\u0131 belirli bir konuya ili\u015fkin, bilgilendirilmeye dayal\u0131 olarak ve \u00f6zg\u00fcr iradeyle a\u00e7\u0131klama f\u0131rsat\u0131n\u0131 sunmaktad\u0131r. Ancak ilgili ki\u015finin verece\u011fi bu niteliklere haiz a\u00e7\u0131k r\u0131za ile \u015firketimiz \u00f6zel nitelikli ki\u015fisel verileri i\u015flemektedir. KVKK 6\/3 gere\u011fi KVKK 5\/2 maddesinde belirtilen durumlarda ise ilgili ki\u015fileri a\u00e7\u0131k r\u0131zas\u0131n\u0131n aranmad\u0131\u011f\u0131 ise ifade edilmelidir.<\/h4>\n<h4>\u015eirketimiz taraf\u0131ndan; \u00f6zel nitelikli ki\u015fisel veriler ilgili ki\u015finin a\u00e7\u0131k r\u0131zas\u0131 yok ise ancak Kurul taraf\u0131ndan belirlenecek olan yeterli \u00f6nlemlerin al\u0131nmas\u0131 kayd\u0131yla a\u015fa\u011f\u0131daki durumlarda i\u015flenebilmektedir.<\/h4>\n<h4>a) \u0130lgili ki\u015finin sa\u011fl\u0131\u011f\u0131 ve cinsel hayat\u0131 d\u0131\u015f\u0131ndaki \u00f6zel nitelikli ki\u015fisel veriler kanunlarda \u00f6ng\u00f6r\u00fclen hallerde,<\/h4>\n<h4>b) \u0130lgili ki\u015finin sa\u011fl\u0131\u011f\u0131na ve cinsel hayat\u0131na ili\u015fkin \u00f6zel nitelikli ki\u015fisel veriler ise ancak kamu sa\u011fl\u0131\u011f\u0131n\u0131n korunmas\u0131, koruyucu hekimlik, t\u0131bb\u00ee te\u015fhis, tedavi ve bak\u0131m hizmetlerinin y\u00fcr\u00fct\u00fclmesi,<br \/>\nsa\u011fl\u0131k hizmetleri ile finansman\u0131n\u0131n planlanmas\u0131 ve y\u00f6netimi amac\u0131yla, s\u0131r saklama y\u00fck\u00fcml\u00fcl\u00fc\u011f\u00fc alt\u0131nda bulunan ki\u015filer veya yetkili kurum ve kurulu\u015flar taraf\u0131ndan ilgilinin a\u00e7\u0131k r\u0131zas\u0131 aranmaks\u0131z\u0131n i\u015flenebilir.<\/h4>\n<h4>\u00d6zel nitelikli ki\u015fisel verilerin i\u015flenmesi, bu verilere ula\u015f\u0131lmas\u0131 ile ilgili olarak \u015eirketimiz ek \u00f6nlemler ve s\u00fcre\u00e7ler belirlemi\u015ftir. Bu \u00e7er\u00e7evede, \u00f6zel nitelikli ki\u015fisel verilerin sakland\u0131klar\u0131 ortamlar ikincil kilit ve ikincil \u015fifrelerle korunmakta, yetki matrisi \u00e7er\u00e7evesinde ancak yetkili ki\u015filer taraf\u0131ndan i\u015flenebilmektedir.<\/h4>\n<h4>\u00a0 \u00a0 \u00a0 \u00a0 \u00a0<strong> 5. Ki\u015fisel Verilerin \u0130\u015flenme Ama\u00e7lar\u0131 ve Aktar\u0131lmas\u0131<\/strong><\/h4>\n<h4>5.1 Ki\u015fisel Verilerin \u0130\u015flenme Ama\u00e7lar\u0131<\/h4>\n<h4>\u015eirketimiz, ki\u015fisel verileri olarak ki\u015fisel verileri KVKK\u2019n\u0131n 5. ve 6. maddesinde belirtilen ki\u015fisel veri i\u015fleme \u015fartlar\u0131 i\u00e7erisindeki ama\u00e7larla ve ko\u015fullarla s\u0131n\u0131rl\u0131 olarak i\u015flemektedir. Bu ama\u00e7lar ve ko\u015fullar:<\/h4>\n<h4>\u2022 Ki\u015fisel verilerin i\u015flenmesinin \u015eirketimizin ilgili faaliyette bulunmas\u0131n\u0131n Kanunlarda a\u00e7\u0131k\u00e7a \u00f6ng\u00f6r\u00fclmesi,<\/h4>\n<h4>\u2022 Ticari ve i\u015f stratejilerinin belirlenmesi ve icras\u0131nda<\/h4>\n<h4>\u2022 Kurumsal ileti\u015fim, ile insan kaynaklar\u0131 s\u00fcre\u00e7lerinin planlanmas\u0131 bu kapsamda performans de\u011ferlendirme, \u00f6zl\u00fck dosyas\u0131n\u0131n olu\u015fturulmas\u0131, ve i\u015f sa\u011fl\u0131\u011f\u0131 ve g\u00fcvenli\u011fine y\u00f6nelik i\u015f ve i\u015flemlerin planlanmas\u0131 ve \u015firket i\u00e7i t\u00fcm uygulamalar\u0131n icras\u0131na y\u00f6nelik organizasyonlar ve bunlar\u0131n takibi,<\/h4>\n<h4>\u2022 \u015eirkette \u00e7al\u0131\u015fan yahut \u015firketle i\u015f orta\u011f\u0131 olan veya herhangi bir \u015fekilde \u015firket ile ileti\u015fim kuran ki\u015filerin hukuki ve ticari g\u00fcvenli\u011finin temini,<\/h4>\n<h4>\u2022 \u015eirketin operasyonel faaliyetlerinin planlanmas\u0131<\/h4>\n<h4>\u2022 \u0130\u015fyerinin denetimi ve kontrol\u00fc, i\u015f s\u00fcre\u00e7lerinin denetimi ve kontrol\u00fc, bu kapsamda suistimale a\u00e7\u0131k olan ve yetkisiz i\u015flemlerin engellenmesi.<\/h4>\n<h4>\u2022 Ki\u015fisel verilerin i\u015flenmesinin bir s\u00f6zle\u015fmenin kurulmas\u0131, ifas\u0131 ve s\u00f6zle\u015fmenin getirdi\u011fi y\u00fck\u00fcml\u00fcl\u00fckler ile ilgili ve gerekli olmas\u0131 durumunda ,<\/h4>\n<h4>\u2022 Ki\u015fisel verilerin i\u015flenmesinin hukuki y\u00fck\u00fcml\u00fcl\u00fcklerin yerine getirilebilmesi i\u00e7in gerekli olmas\u0131 durumunda,<\/h4>\n<h4>\u2022 \u015eirket faaliyeti kapsam\u0131ndaki hizmetin sunulmas\u0131 mal\/numunelerin sevkiyat\u0131n\u0131n sa\u011flanmas\u0131, mal\/ hizmetlerimiz kar\u015f\u0131l\u0131\u011f\u0131 faturaland\u0131rma ve di\u011fer muhasebe i\u015flemlerinin y\u00fcr\u00fct\u00fclmesi,<\/h4>\n<h4>\u2022 \u015eirketimize ait mal\/hizmete y\u00f6nelik teklif sunabilmek, pazarlama faaliyetleri kapsam\u0131nda m\u00fc\u015fterilerimiz yeniliklerden haberdar edebilmek,<\/h4>\n<h4>\u2022 Hizmetlerimizden duydu\u011funuz memnuniyetin \u00f6l\u00e7\u00fclmesi ve bu do\u011frultuda hizmetlerimizin geli\u015ftirilmesi, risk y\u00f6netimi, Kurumsal s\u00fcrd\u00fcr\u00fclebilirlik, kurumsal y\u00f6netim, stratejik planlama ve bilgi g\u00fcvenli\u011fi s\u00fcre\u00e7lerinin planlanmas\u0131, denetimi ve icras\u0131, i\u015f s\u00fcreklili\u011fin sa\u011flanmas\u0131<\/h4>\n<h4>\u2022 Finans, ileti\u015fim ve sat\u0131n alma operasyonlar\u0131,<\/h4>\n<h4>\u2022 Tedarik\u00e7i ve i\u015f ortaklar\u0131n\u0131n ile ili\u015fkilerin devam\u0131,<\/h4>\n<h4>\u2022 \u0130nternet sitemizde yer alan e-posta adresleri ve di\u011fer ileti\u015fim kaynaklar\u0131 \u00fczerinden g\u00f6nderilen bilgiler ve bu bilgiler \u00fczerinden ilgili ki\u015filerle ileti\u015fime ge\u00e7ilmesi,<\/h4>\n<h4>\u2022 Organizasyonlarda foto\u011fraf ve video \u00e7ekimi yap\u0131lmas\u0131, pazarlama faaliyetlerinin y\u00f6netilmesi, internet sitesi \u00fczerinden y\u00fcr\u00fct\u00fclen pazarlama faaliyetlerinin ilgili tedarik\u00e7iler ile birlikte y\u00fcr\u00fct\u00fclmesi, organizasyon kat\u0131l\u0131mc\u0131lar\u0131n\u0131n kay\u0131tlar\u0131n\u0131n olu\u015fturulmas\u0131,<\/h4>\n<h4>\u2022 \u015eirketimizin faaliyet g\u00f6sterdi\u011fi \u015fantiye vb i\u015f alanlar\u0131 ile ileti\u015fimin sa\u011flanmas\u0131, gerekli faaliyetlerin ve raporlama aktivitelerinin y\u00fcr\u00fct\u00fclmesi,<\/h4>\n<h4>\u2022 Kamu kurum ve kurulu\u015flar\u0131ndaki i\u015f ve i\u015flemlerin y\u00fcr\u00fct\u00fclmesi<\/h4>\n<h4>\u2022 \u0130lgili ki\u015fi taraf\u0131ndan alenile\u015ftirilmi\u015f olmas\u0131 \u015fart\u0131yla; alenile\u015ftirme amac\u0131yla s\u0131n\u0131rl\u0131 olarak i\u015flenmesi,<\/h4>\n<h4>\u2022 Ki\u015fisel verilerin KVKK ilkeleri kapsam\u0131nda olmak \u00fczere, \u015firket taraf\u0131ndan i\u015flenmesinin \u015firketin me\u015fru menfaatleri ve \u015firkete y\u00f6nelik bir hakk\u0131n tesisi, kullan\u0131lmas\u0131 veya korunmas\u0131 i\u00e7in gerekli<br \/>\nolmas\u0131 durumunda ,<\/h4>\n<h4>\u2022 \u0130lgili ki\u015filerin ya da bir ba\u015fkas\u0131n\u0131n hayat\u0131 veya beden b\u00fct\u00fcnl\u00fc\u011f\u00fcn\u00fcn korunmas\u0131 i\u00e7in zorunlu olmas\u0131 ve bu durumda da ilgili ki\u015filerin fiili imk\u00e2ns\u0131zl\u0131k veya hukuki ge\u00e7ersizlik nedeniyle<br \/>\nr\u0131zas\u0131n\u0131 a\u00e7\u0131klayamayacak durumda bulunmas\u0131,<\/h4>\n<h4>\u0130lgili ki\u015filerin sa\u011fl\u0131\u011f\u0131 ve cinsel hayat\u0131 d\u0131\u015f\u0131ndaki \u00f6zel nitelikli ki\u015fisel veriler, kanunlarda \u00f6ng\u00f6r\u00fclen hallerde KVKK 6\/3 gere\u011fi ,ilgili ki\u015finin a\u00e7\u0131k r\u0131zas\u0131 al\u0131nmaks\u0131z\u0131n i\u015flenebilir.<\/h4>\n<h4>\u0130lgili ki\u015filerin sa\u011fl\u0131\u011f\u0131na ve cinsel hayat\u0131na ili\u015fkin \u00f6zel nitelikli ki\u015fisel verileri kamu sa\u011fl\u0131\u011f\u0131n\u0131n korunmas\u0131, koruyucu hekimlik, t\u0131bbi te\u015fhis, tedavi ve bak\u0131m hizmetlerinin y\u00fcr\u00fct\u00fclmesi, sa\u011fl\u0131k<br \/>\nhizmetleri ile finansman\u0131n\u0131n planlanmas\u0131 ve y\u00f6netimi amac\u0131yla, s\u0131r saklama y\u00fck\u00fcml\u00fcl\u00fc\u011f\u00fc alt\u0131nda bulunan ki\u015filer veya yetkili kurum ve kurulu\u015flar taraf\u0131ndan ilgili ki\u015finin a\u00e7\u0131k r\u0131zas\u0131 al\u0131nmaks\u0131z\u0131n i\u015flenebilir.<\/h4>\n<h4><strong>5.2. Ki\u015fisel Verilerin Aktar\u0131lmas\u0131<\/strong><\/h4>\n<h4>Ki\u015fisel veriler, yetkili kamu kurum ve kurulu\u015flar\u0131na, denetleme ve ortakl\u0131k haklar\u0131 gere\u011fi hissedarlar\u0131m\u0131za, yurt i\u00e7i ve\/veya yurt d\u0131\u015f\u0131nda bulunan tedarik\u00e7i ve i\u015f ortaklar\u0131m\u0131za (reklam ajanslar\u0131, dan\u0131\u015fmanl\u0131k hizmetleri veren firmalar, teknik destek sa\u011flayan yaz\u0131l\u0131m firmalar\u0131, denetim hizmeti sunan firmalar, e-ticaret hizmeti sunan firmalar, ara\u00e7 kiralama konusunda faaliyet g\u00f6steren firmalar vb.), \u00f6zel sigorta \u015eirketleri, mahkemeler, yetki verilen temsilciler, ba\u011fl\u0131 olunan veya beraber \u00e7al\u0131\u015f\u0131lan kurum, avukatlar, vergi dan\u0131\u015fmanlar\u0131 ve denet\u00e7iler, dan\u0131\u015fmanl\u0131k al\u0131nan di\u011fer \u00fc\u00e7\u00fcnc\u00fc ki\u015filer, d\u00fczenleyici ve denetleyici kurumlar ve resmi merciler,<br \/>\ndenetleyici kurulu\u015flara, hizmet tedariki yap\u0131lan ger\u00e7ek ve t\u00fczel ki\u015filere veya hizmet verilen \u00fc\u00e7\u00fcnc\u00fc ki\u015filere, yurt i\u00e7inde bulunan birlikte i\u015f g\u00f6r\u00fclen Geo Duvar \u0130n\u015faat Sanayi Ve Ticaret Ltd.\u015eti.,<br \/>\nGeoduvar \u0130n\u015faat Sanayi Ve Ticaret A.\u015e., Atlasyol Marin \u0130n\u015faat San.Ve Tic.Ltd.\u015eti., Sams Se\u00e7enekli Tek.Mak.San.Tic.Ltd.\u015eti.Grup \u015eirketerine KVKK madde 8 ve madde 9\u2019da belirtilen ki\u015fisel veri<br \/>\ni\u015fleme \u015fartlar\u0131 ve ama\u00e7lar\u0131 \u00e7er\u00e7evesinde aktar\u0131labilmektedir.<\/h4>\n<h4>S\u00f6z konusu ki\u015fisel veriler KVKK 8 ve yurt d\u0131\u015f\u0131na veri aktar\u0131m\u0131n\u0131 d\u00fczenleyen KVKK 9 maddelerinin arad\u0131\u011f\u0131 ama\u00e7lar ve kapsamlar dahilinde i\u015f ortaklar\u0131, hizmet sa\u011flay\u0131c\u0131lar\u0131, \u015firketin i\u015f g\u00f6r\u00fcrken ihtiya\u00e7 duydu\u011fu di\u011fer \u00fc\u00e7\u00fcnc\u00fc ki\u015filer, hissedarlar ile fiziki veya elektronik ortamda i\u015flenebilir, depolanabilir. Ancak bu payla\u015f\u0131m\u0131n amac\u0131, finansal ve operasyon s\u00fcre\u00e7lerle, ticari ve denetim faaliyetlerinin y\u00fcr\u00fct\u00fclmesi, ileti\u015fim, stratejik planlama, pazarlama faaliyetleri, sa\u011flanan hizmet ve i\u015f g\u00f6rme faaliyeti ile ilgili, s\u00f6zle\u015fme ve mevzuat gere\u011fi gerekli kamu kurum ve kurulu\u015flar ile \u00f6zel kurulu\u015flarla payla\u015f\u0131lmas\u0131 gerekilen konularla s\u0131n\u0131rl\u0131d\u0131r.<\/h4>\n<h4>Ki\u015fisel verilerin KVKK 5\/2 ve 6\/3 maddesindeki \u015fartlar ve KVK Kurulu taraf\u0131ndan al\u0131nan \u00f6nlemlerin sa\u011flanmas\u0131 kayd\u0131yla ki\u015fisel veri ve \u00f6zel nitelikli ki\u015fisel verilerin a\u00e7\u0131k r\u0131za al\u0131nmaks\u0131z\u0131n \u00fc\u00e7\u00fcnc\u00fc ki\u015filerle payla\u015f\u0131labildi\u011fi belirtilmelidir.<\/h4>\n<h4>S\u00f6z konusu bu ki\u015fisel verilerin \u00fc\u00e7\u00fcnc\u00fc ki\u015filere aktar\u0131lmas\u0131, KVKK5\/2 kapsam\u0131ndaki sebepler dahilinde m\u00fcmk\u00fcn olabilecektir. \u0130htiya\u00e7 olmad\u0131\u011f\u0131 m\u00fcddet \u00fc\u00e7\u00fcnc\u00fc ki\u015filerle veri payla\u015f\u0131m\u0131 yap\u0131lmayacakt\u0131r.<\/h4>\n<h4><strong>\u00a0 \u00a0 \u00a0 \u00a0 \u00a0 6. K\u0130\u015e\u0130SEL VER\u0130LER\u0130N KORUNMASINA \u0130L\u0130\u015eK\u0130N ESASLAR<\/strong><\/h4>\n<h4><strong>6.1. Ki\u015fisel Verilerin G\u00fcvenli\u011fine \u0130li\u015fkin Al\u0131nan \u0130dari ve Teknik Tedbir ve \u00d6nlemler<\/strong><\/h4>\n<h4>\u015eirketimiz taraf\u0131ndan ki\u015fisel verilerin hukuka uygun olarak i\u015flenmesini sa\u011flanmas\u0131 ve ki\u015fisel verilere hukuka ayk\u0131r\u0131 olarak eri\u015filmesinin \u00f6nlenmesi i\u00e7in al\u0131nan ba\u015fl\u0131ca idari tedbirler \u015fu \u015fekildedir:<\/h4>\n<h4>\u2022 \u015eirketimiz \u00e7al\u0131\u015fanlar\u0131n ki\u015fisel verilerin i\u015flenmesi, korunmas\u0131, saklanmas\u0131 ve imhas\u0131 gibi ki\u015fisel veri i\u015flemenin t\u00fcm safhalar\u0131na y\u00f6nelik olarak e\u011fitilmektedirler<\/h4>\n<h4>\u2022 Her bir departman nezdinde ki\u015fisel verilerin i\u015flenmesi faaliyetlerine y\u00f6nelik olarak KVKK ve di\u011fer mevzuat\u0131n gereklili\u011fi konusunda yap\u0131lacaklar her i\u015f \u00f6zelinde ayr\u0131ca ve hassasiyetle incelenmektedir.<\/h4>\n<h4>\u2022 \u015eirketimizin \u00e7al\u0131\u015fanlarla akdetmi\u015f oldu\u011fu s\u00f6zle\u015fme ve ili\u015fkilerini y\u00f6neten di\u011fer belgelerin i\u00e7eri\u011fine kanuni istisnalar ve \u015firketin belirlemi\u015f oldu\u011fu talimatlar haricinde ki\u015fisel veriyi i\u015flememe, kullanmama ve a\u00e7\u0131klamama konusunda d\u00fczenlemeler eklenmektedir.<\/h4>\n<h4>\u2022 Her bir departman nezdinde KVKK uyum s\u00fcrecine y\u00f6nelik olarak e\u011fitimler ve politikalar ile fark\u0131ndal\u0131k olu\u015fturulmaya \u00e7al\u0131\u015f\u0131lmaktad\u0131r. Yine bu hususlardaki s\u00fcreklilik ve denetim amac\u0131yla gerekli idari tedbirler al\u0131nmaktad\u0131r.<\/h4>\n<h4>\u2022 \u015eirketimizde KVKK uyum kapsam\u0131nda ki\u015fisel verilere eri\u015fim ve yetkilendirme s\u00fcre\u00e7leri tasarlanmakta ve uygulanmaktad\u0131r. Yap\u0131lan denetimler sonucu eksik g\u00f6r\u00fclen belgeler eklenmi\u015f, yap\u0131lmas\u0131 gerekilen de\u011fi\u015fiklikler de yap\u0131lm\u0131\u015ft\u0131r.<\/h4>\n<h4>\u2022 Ki\u015fisel Verilerin Korunmas\u0131 Kanunu ve ilgili yasal takibi ve KVKK uyumu kapsam\u0131ndaki kolayl\u0131k i\u00e7in Ki\u015fisel Verileri Koruma Komitesi kurulmu\u015ftur.<\/h4>\n<h4>\u2022 Ki\u015fisel verilerin korunmas\u0131 hukuku kapsam\u0131nda hukuka uygun bir \u015fekilde ki\u015fisel veri payla\u015f\u0131m\u0131nda bulundu\u011fumuz \u00fc\u00e7\u00fcnc\u00fc ki\u015filerle akdedilen s\u00f6zle\u015fme ve di\u011fer benzeri d\u00fczenlemelere KVKK kapsam\u0131nda ki\u015fisel veri i\u015fleme faaliyetleri kapsam\u0131nda gerekli g\u00fcvenlik \u00f6nlemlerinin al\u0131nmas\u0131 gereklili\u011fine i\u015faret edilmekte ve kanun kapsam\u0131nda aranan tedbirlerin kendi b\u00fcnyelerinde de sa\u011flanmas\u0131 gerekti\u011fine dair a\u00e7\u0131klamalar eklenmektedir.<\/h4>\n<h4>Bu \u00e7er\u00e7evede, Kurul taraf\u0131ndan belirlenen ve a\u015fa\u011f\u0131da yer alan idari tedbirler konusunda \u015eirketimiz s\u00fcrekli \u00e7al\u0131\u015fma yapmaktad\u0131r: Kurumsal Politikalar, S\u00f6zle\u015fmeler ve s\u00f6zle\u015fmelerde yap\u0131lan de\u011fi\u015fiklikler, kurum i\u00e7i denetimler, ki\u015fisel veri i\u015fleme envanteri, gizlilik taahh\u00fctnameleri, risk analizleri, disiplin y\u00f6netmeli\u011fi, kurumsal ileti\u015fim, e\u011fitim ve VERB\u0130S bildirimi.<\/h4>\n<h4>\u015eirketimiz taraf\u0131ndan ki\u015fisel verilerin hukuka uygun olarak i\u015flenmesi, korunmas\u0131n\u0131n ve hukuka ayk\u0131r\u0131 eri\u015fimlerin \u00f6nlenmesi amac\u0131yla al\u0131nan teknik tedbirler \u015fu \u015fekildedir:<\/h4>\n<h4>\u2022 Ki\u015fisel veri i\u015fleme faaliyetleri, ki\u015fisel verinin ilk i\u015flendi\u011fi andan imhas\u0131na kadar teknik sistemlerle denetlenmektedir. Ki\u015fisel verilerin g\u00fcvenli\u011fi konusunda fiziki ve teknolojik tedbirler amac\u0131yla yap\u0131lacak yat\u0131r\u0131mlar \u015firket planlamalar\u0131na dahil edilmektedir.<\/h4>\n<h4>\u2022 Teknik konularda bilgisi ve tecr\u00fcbesi sabit olan personel istihdam edilmektedir. Bu ki\u015filere ve di\u011fer \u00e7al\u0131\u015fanlara e\u011fitim verilmektedir. Teknik konularla ilgili dan\u0131\u015fmanl\u0131k hizmeti al\u0131nmakta ve ilgili departmanl\u0131klar olu\u015fturulmaktad\u0131r.<\/h4>\n<h4>\u2022 Al\u0131nan teknik \u00f6nlemler periyodik olarak yetkili birim\/ki\u015fiye raporlanmaktad\u0131r. \u0130\u00e7 denetim sonucu tespit edilen uygun olmayan i\u015flemlere ili\u015fkin olarak iyile\u015ftirme \u00e7al\u0131\u015fmalar\u0131 da yap\u0131lmaktad\u0131r.<\/h4>\n<h4>\u2022 Ki\u015fisel verilerin g\u00fcvenli bir \u015fekilde saklanmas\u0131 i\u00e7in hukuki norm ve kaidelere uygun yedekleme program\u0131 kullan\u0131lmaktad\u0131r.<\/h4>\n<h4>\u2022 Al\u0131nan tedbirlere y\u00f6nelik periyodik olarak g\u00fcncellenmekte ihtiya\u00e7 duyulmas\u0131 durumunda yenilenmektedir. Bu kapsamda teknolojik geli\u015fmeler ve bu geli\u015fmeler kapsam\u0131nda al\u0131nmas\u0131 gerekilen tedbirler bilhassa siber g\u00fcvenlik alan\u0131nda temin edilmektedir.<\/h4>\n<h4>\u2022 \u015eirket departmanlar\u0131 kapsam\u0131nda yetki ve eri\u015fim matrisi belirlenmi\u015ftir. Bunlara ili\u015fkin olarak denetim ve g\u00fcncellenmeler de periyodik olarak ger\u00e7ekle\u015ftirilmektedir. Eski \u00e7al\u0131\u015fanlar\u0131n hesaplar\u0131 kapat\u0131lmaktad\u0131r.<\/h4>\n<h4>\u2022 Vir\u00fcs koruma sistemleri ve g\u00fcvenlik duvarlar\u0131n\u0131 i\u00e7eren yaz\u0131l\u0131mlar ve donan\u0131mlar kullan\u0131lmaktad\u0131r.<\/h4>\n<h4>\u2022 Kullan\u0131lan t\u00fcm \u00fcr\u00fcnler orijinal ve lisansl\u0131d\u0131r.<\/h4>\n<h4>\u2022 Ki\u015fisel verilerin, hukuki olmayan yollarla elde edilmesi durumunda bu vaziyetin en k\u0131sa s\u00fcrede ilgili ki\u015fi ve Kurul\u2019a bildirilmesini sa\u011flayan sistem de faaliyete ge\u00e7irilmi\u015ftir. Gerek<br \/>\ng\u00f6r\u00fclmesi durumunda bu durum Kurul\u2019un sitesine ya da ba\u015fka bir y\u00f6ntemle de ilan edilebilir.<\/h4>\n<h4>Bu \u00e7er\u00e7evede, Kurul taraf\u0131ndan belirlenen ve a\u015fa\u011f\u0131da yer alan teknik tedbirler konusunda \u015eirketimiz s\u00fcrekli \u00e7al\u0131\u015fma yapmaktad\u0131r: Yetki matrisi olu\u015fturma ve bunu kontrol etme, kullan\u0131c\u0131 hesap y\u00f6ntemi, \u015fifreleme, s\u0131zma testi, a\u011f g\u00fcvenli\u011fi, yedekleme, g\u00fcvenlik duvarlar\u0131, silme, yok etme ve anonim hale getirme, anahtar y\u00f6ntemi, g\u00fcncel olan anti vir\u00fcs sistemleri, veri kayb\u0131n\u0131n \u00f6nlenmesine yard\u0131mc\u0131 yaz\u0131l\u0131mlar, sald\u0131r\u0131 tespit ve \u00f6nlenmesine dair sistemler.<\/h4>\n<h4><strong>6.2. Ki\u015fisel Veri Envanteri<\/strong><\/h4>\n<h4>\u015eirketimiz ki\u015fisel verilere dair bir ki\u015fisel veri i\u015fleme envanteri tutmakta, bu envanterde yer alan bilgileri do\u011frulu\u011fu, g\u00fcvenli\u011fi, g\u00fcncelli\u011fi ve bu hususlar\u0131n s\u00fcreklili\u011fi sa\u011flanmaktad\u0131r.<\/h4>\n<h4><strong>6.3. \u00c7al\u0131\u015fanlar\u0131m\u0131z\u0131n, Ki\u015fisel Verileri Koruma Alan\u0131nda Fark\u0131ndal\u0131klar\u0131n\u0131n Art\u0131r\u0131lmas\u0131 ve Denetimi<\/strong><\/h4>\n<h4>\u015eirketimiz \u00e7al\u0131\u015fanlara y\u00f6nelik olarak ki\u015fisel verilerin hukuka uygun bir \u015fekilde i\u015flenmesi, korunmas\u0131 ve imhas\u0131 ile hukuka ayk\u0131r\u0131 olarak ki\u015fisel verilere eri\u015fimin engellenmesi amac\u0131yla gerekli g\u00f6r\u00fclen e\u011fitim ve di\u011fer fark\u0131ndal\u0131k \u00e7al\u0131\u015fmalar\u0131n\u0131 yapmaktad\u0131r. Bu e\u011fitim ve fark\u0131ndal\u0131k \u00e7al\u0131\u015fmalar\u0131yla ilgili olarak dan\u0131\u015fmanl\u0131k hizmetleri al\u0131nmaktad\u0131r.<\/h4>\n<h4><strong>6.4. Ki\u015fisel Verilerin Yetkisiz Bir \u015eekilde \u0130f\u015fas\u0131 Durumuna Kar\u015f\u0131 Al\u0131nacak Tedbirler<\/strong><\/h4>\n<h4>Ki\u015fisel verilerin hukuki olarak me\u015fru olmayan yollarla ba\u015fkalar\u0131nca ele ge\u00e7irilmesi halinde, bu durum 72 saat i\u00e7erisinde ilgili ki\u015fiye ve Kurula bildirecektir.<\/h4>\n<h4>Kurul taraf\u0131ndan gerekli g\u00f6r\u00fclmesi halinde bu durum, Kurulun internet sitesinde veya ba\u015fka bir y\u00f6ntemle ilan edilebilecektir.<\/h4>\n<h4><strong>6.5. \u00d6zel Nitelikli Ki\u015fisel Verilerin Korunmas\u0131<\/strong><\/h4>\n<h4>KVKK kapsam\u0131nda \u00f6zel nitelikli ki\u015fisel verilerin korunmas\u0131na ili\u015fkin olarak \u201c\u00d6zel Nitelilikli Ki\u015fisel Verilerin \u0130\u015flenmesinde Veri Sorumlular\u0131nca Al\u0131nmas\u0131 Gereken Yeterli \u00d6nlemler\u201d kriteri getirilerek, di\u011fer verilerden olan ayr\u0131m\u0131 \u00fczerinde durulmu\u015ftur. \u015eirketimiz de \u00f6zel nitelikli ki\u015fisel verileri kanunda \u00f6ng\u00f6r\u00fclen bu kriter g\u00f6re hassasiyetle i\u015flemekte ve korumaktad\u0131r.<\/h4>\n<h4>\u00a0 \u00a0 \u00a0 \u00a0 \u00a0 <strong>7. \u0130LG\u0130L\u0130 K\u0130\u015e\u0130LER\u0130N VER\u0130 SORUMLUSUNA BA\u015eVURU HAKKINI KULLANMASI<\/strong><\/h4>\n<h4><strong>7.1. Ba\u015fvuru Konusu<\/strong><\/h4>\n<h4>\u0130lgili ki\u015filerin KVKK kapsam\u0131nda sahip olduklar\u0131 haklar\u0131 kolayl\u0131kla kullanabilmeleri ad\u0131na \u201c Veri Sorumlusuna Ba\u015fvuru Formu\u201d haz\u0131rlanm\u0131\u015f ve internet sitemizde yay\u0131nlanm\u0131\u015ft\u0131r.<\/h4>\n<h4>\u0130lgili ki\u015filer \u015fu konularda haklara sahiptirler:<\/h4>\n<h4>a) Ki\u015fisel veri i\u015flenip i\u015flenmedi\u011fini \u00f6\u011frenme,<\/h4>\n<h4>b) Ki\u015fisel verileri i\u015flenmi\u015fse buna ili\u015fkin bilgi talep etme,<\/h4>\n<h4>c) Ki\u015fisel verilerin i\u015flenme amac\u0131n\u0131 ve bunlar\u0131n amac\u0131na uygun kullan\u0131l\u0131p kullan\u0131lmad\u0131\u011f\u0131n\u0131 \u00f6\u011frenme,<\/h4>\n<h4>\u00e7) Yurt i\u00e7inde veya yurt d\u0131\u015f\u0131nda ki\u015fisel verilerin aktar\u0131ld\u0131\u011f\u0131 \u00fc\u00e7\u00fcnc\u00fc ki\u015fileri bilme,<\/h4>\n<h4>d) Ki\u015fisel verilerin eksik veya yanl\u0131\u015f i\u015flenmi\u015f olmas\u0131 h\u00e2linde bunlar\u0131n d\u00fczeltilmesini isteme,<\/h4>\n<h4>e) KVKK 7. maddede \u00f6ng\u00f6r\u00fclen \u015fartlar \u00e7er\u00e7evesinde ki\u015fisel verilerin silinmesini veya yok edilmesini isteme,<\/h4>\n<h4>f) (d) ve (e) bentleri uyar\u0131nca yap\u0131lan i\u015flemlerin, ki\u015fisel verilerin aktar\u0131ld\u0131\u011f\u0131 \u00fc\u00e7\u00fcnc\u00fc ki\u015filere bildirilmesini isteme,<\/h4>\n<h4>g) \u0130\u015flenen verilerin m\u00fcnhas\u0131ran otomatik sistemler vas\u0131tas\u0131yla analiz edilmesi suretiyle ki\u015finin kendisi aleyhine bir sonucun ortaya \u00e7\u0131kmas\u0131na itiraz etme,<\/h4>\n<h4>\u011f) Ki\u015fisel verilerin kanuna ayk\u0131r\u0131 olarak i\u015flenmesi sebebiyle zarara u\u011framas\u0131 h\u00e2linde zarar\u0131n giderilmesini talep etme.<\/h4>\n<h4><strong>7.2.Ba\u015fvuru Y\u00f6ntemi<\/strong><\/h4>\n<table style=\"width: 100%; border-collapse: collapse; border-style: solid; height: 120px;\">\n<tbody>\n<tr style=\"height: 24px;\">\n<td style=\"width: 33.3333%; height: 24px; border-style: solid;\">\n<h4 style=\"text-align: center;\"><strong>BA\u015eVURU \u0130\u00c7\u0130N<br \/>\nKULLANILAN ARA\u00c7<\/strong><\/h4>\n<\/td>\n<td style=\"width: 33.3333%; height: 24px; border-style: solid;\">\n<h4 style=\"text-align: center;\"><strong>ADRES<\/strong><\/h4>\n<\/td>\n<td style=\"width: 33.3333%; height: 24px; border-style: solid;\">\n<h4 style=\"text-align: center;\"><strong>A\u00c7IKLAMA<\/strong><\/h4>\n<\/td>\n<\/tr>\n<tr style=\"height: 24px;\">\n<td style=\"width: 33.3333%; height: 24px; border-style: solid;\">\n<h4><strong>Sistemlerimizde kay\u0131tl\u0131 e-posta adresi<\/strong><\/h4>\n<\/td>\n<td style=\"width: 33.3333%; height: 24px; border-style: solid;\">\n<h4>kvkk@atlasyol.schuhenwelt.ch<\/h4>\n<\/td>\n<td style=\"width: 33.3333%; height: 24px; border-style: solid;\">\n<h4>Konu k\u0131sm\u0131na \u201cKi\u015fisel Verilerin Korunmas\u0131 Bilgi Talebi\u201d yaz\u0131lmal\u0131d\u0131r.<\/h4>\n<\/td>\n<\/tr>\n<tr style=\"height: 24px;\">\n<td style=\"width: 33.3333%; height: 24px; border-style: solid;\">\n<h4><strong>e-imza\/mobil imza ile<\/strong><\/h4>\n<\/td>\n<td style=\"width: 33.3333%; height: 24px; border-style: solid;\">\n<h4>kvkk@atlasyol.schuhenwelt.ch<\/h4>\n<\/td>\n<td style=\"width: 33.3333%; height: 24px; border-style: solid;\">\n<h4>Konu k\u0131sm\u0131na \u201cKi\u015fisel Verilerin Korunmas\u0131 Bilgi Talebi\u201d yaz\u0131lmal\u0131d\u0131r.<\/h4>\n<\/td>\n<\/tr>\n<tr style=\"height: 24px;\">\n<td style=\"width: 33.3333%; height: 24px; border-style: solid;\">\n<h4><strong>Bizzat \u015firketimize teslim ile<\/strong><\/h4>\n<\/td>\n<td style=\"width: 33.3333%; height: 24px; border-style: solid;\">\n<h4>Pa\u015fabah\u00e7e Mah. \u00c7ubuklu Cad. Remzibey Sok. No:9 Beykoz\/\u0130ST<\/h4>\n<\/td>\n<td style=\"width: 33.3333%; height: 24px; border-style: solid;\">\n<h4>Zarf\u0131n \u00fczerine \u201cKi\u015fisel Verilerin Korunmas\u0131 Bilgi Talebi\u201d yaz\u0131lmal\u0131d\u0131r.<\/h4>\n<\/td>\n<\/tr>\n<tr style=\"height: 24px;\">\n<td style=\"width: 33.3333%; height: 24px; border-style: solid;\">\n<h4><strong>Noter vas\u0131tas\u0131 ile<\/strong><\/h4>\n<\/td>\n<td style=\"width: 33.3333%; height: 24px; border-style: solid;\">\n<h4>Pa\u015fabah\u00e7e Mah. \u00c7ubuklu Cad. Remzibey Sok. No:9 Beykoz\/\u0130ST<\/h4>\n<\/td>\n<td style=\"width: 33.3333%; height: 24px; border-style: solid;\">\n<h4>Tebligat zarf\u0131na \u201cKi\u015fisel Verilerin Korunmas\u0131 Bilgi Talebi\u201d yaz\u0131lmal\u0131d\u0131r.<\/h4>\n<\/td>\n<\/tr>\n<\/tbody>\n<\/table>\n<h4><\/h4>\n<h4><strong>7.3. Ba\u015fvuru Sonras\u0131 S\u00fcre\u00e7<\/strong><\/h4>\n<h4>\u015eirketimiz kendisine iletilen ba\u015fvurular\u0131 en ge\u00e7 30 (otuz) g\u00fcn i\u00e7inde yan\u0131tlamaktad\u0131r. \u0130lgili ki\u015finin a-ba\u015fvuru s\u0131ras\u0131nda kulland\u0131\u011f\u0131 y\u00f6ntem dikkate al\u0131narak ba\u015fvuru yan\u0131tlanacakt\u0131r. . \u015eirketimiz<br \/>\nba\u015fvuruya sa\u011fl\u0131kl\u0131 bir \u015fekilde cevap verebilmek ad\u0131na ilgili ki\u015fiyle ileti\u015fime ge\u00e7ip sorusunun netli\u011fe kavu\u015fturulmas\u0131na y\u00f6nelik sorular sorabilir.<\/h4>\n<h4>KVKK 14 kapsam\u0131nda s\u00fcresinde cevap verilmeyen ya da cevab\u0131 yetersiz bulan ya da ba\u015fvurusu red edilen ba\u015fvuru sahibi, cevab\u0131 \u00f6\u011frenmesinden itibaren 30(otuz) g\u00fcn i\u00e7inde ve her halde ba\u015fvuru<br \/>\ntarihinden itibaren 60(altm\u0131\u015f) g\u00fcn i\u00e7inde Kurula \u015fikayette bulunabilir.<\/h4>\n<h4><strong>7.4. Ba\u015fvuru \u00dccreti<\/strong><\/h4>\n<h4>Ba\u015fvurular kural olarak \u00fccretsiz yap\u0131lmaktad\u0131r. Ancak ilgili ki\u015filerin talep etti\u011fi i\u015flemin ayr\u0131ca bir maliyeti gerektirmesi halinde, \u015eirketimiz taraf\u0131ndan Kurulca belirlenen tarifedeki \u00fccret<br \/>\nal\u0131nacakt\u0131r.<\/h4>\n<h4><strong>7.5.\u0130lgili Ki\u015finin Haklar\u0131 ve Bu Haklar\u0131 \u0130leri S\u00fcrmesinin M\u00fcmk\u00fcn Olmad\u0131\u011f\u0131 Haller<\/strong><\/h4>\n<h4>\u0130lgili ki\u015filer \u015fu haklara haizdir:<\/h4>\n<h4>Ki\u015fisel veri i\u015flenip i\u015flenmedi\u011fini \u00f6\u011frenme,<br \/>\nKi\u015fisel verileri i\u015flenmi\u015fse buna ili\u015fkin bilgi talep etme,<br \/>\nKi\u015fisel verilerin i\u015flenme amac\u0131n\u0131 ve bunlar\u0131n amac\u0131na uygun kullan\u0131l\u0131p kullan\u0131lmad\u0131\u011f\u0131n\u0131 \u00f6\u011frenme,<br \/>\nYurt i\u00e7inde veya yurt d\u0131\u015f\u0131nda ki\u015fisel verilerin aktar\u0131ld\u0131\u011f\u0131 \u00fc\u00e7\u00fcnc\u00fc ki\u015fileri bilme,<br \/>\nKi\u015fisel verilerin eksik veya yanl\u0131\u015f i\u015flenmi\u015f olmas\u0131 h\u00e2linde bunlar\u0131n d\u00fczeltilmesini isteme ve bu kapsamda yap\u0131lan i\u015flemin ki\u015fisel verilerin aktar\u0131ld\u0131\u011f\u0131 \u00fc\u00e7\u00fcnc\u00fc ki\u015filere bildirilmesini isteme,<br \/>\nKVKK ve ilgili di\u011fer kanun h\u00fck\u00fcmlerine uygun olarak i\u015flenmi\u015f olmas\u0131na ra\u011fmen, i\u015flenmesini gerektiren sebeplerin ortadan kalkmas\u0131 h\u00e2linde ki\u015fisel verilerin silinmesini veya yok edilmesini<br \/>\nisteme ve bu kapsamda yap\u0131lan i\u015flemin ki\u015fisel verilerin aktar\u0131ld\u0131\u011f\u0131 \u00fc\u00e7\u00fcnc\u00fc ki\u015filere bildirilmesini isteme,<br \/>\n\u0130\u015flenen verilerin m\u00fcnhas\u0131ran otomatik sistemler vas\u0131tas\u0131yla analiz edilmesi suretiyle ki\u015finin kendisi aleyhine bir sonucun ortaya \u00e7\u0131kmas\u0131na itiraz etme,<br \/>\nKi\u015fisel verilerin kanuna ayk\u0131r\u0131 olarak i\u015flenmesi sebebiyle zarara u\u011framas\u0131 h\u00e2linde zarar\u0131n giderilmesini talep etme.<\/h4>\n<h4><strong>7.6 \u0130lgili Ki\u015finin Ba\u015fvurusunun Red edilebilece\u011fi Durumlar<\/strong><\/h4>\n<h4><strong>KVKK 28 kapsam\u0131ndaki durumlar ki\u015fisel verilerin korunmas\u0131 kapsam\u0131na girmedi\u011finden ilgili ki\u015finin a\u015fa\u011f\u0131da say\u0131lan bu durumlarda KVKK 11 kapsam\u0131ndaki haklar\u0131n\u0131 ileri s\u00fcrebilmeleri m\u00fcmk\u00fcn de\u011fildir:<\/strong><\/h4>\n<h4>a) Ki\u015fisel verilerin, \u00fc\u00e7\u00fcnc\u00fc ki\u015filere verilmemek ve veri g\u00fcvenli\u011fine ili\u015fkin y\u00fck\u00fcml\u00fcl\u00fcklere uyulmak kayd\u0131yla ger\u00e7ek ki\u015filer taraf\u0131ndan tamamen kendisiyle veya ayn\u0131 konutta ya\u015fayan aile fertleriyle ilgili faaliyetler kapsam\u0131nda i\u015flenmesi.<br \/>\nb) Ki\u015fisel verilerin resmi istatistik ile anonim h\u00e2le getirilmek suretiyle ara\u015ft\u0131rma, planlama ve istatistik gibi ama\u00e7larla i\u015flenmesi.<br \/>\nc) Ki\u015fisel verilerin mill\u00ee savunmay\u0131, mill\u00ee g\u00fcvenli\u011fi, kamu g\u00fcvenli\u011fini, kamu d\u00fczenini, ekonomik g\u00fcvenli\u011fi, \u00f6zel hayat\u0131n gizlili\u011fini veya ki\u015filik haklar\u0131n\u0131 ihlal etmemek ya da su\u00e7 te\u015fkil etmemek kayd\u0131yla, sanat, tarih, edebiyat veya bilimsel ama\u00e7larla ya da ifade \u00f6zg\u00fcrl\u00fc\u011f\u00fc kapsam\u0131nda i\u015flenmesi.<br \/>\nd) Ki\u015fisel verilerin mill\u00ee savunmay\u0131, mill\u00ee g\u00fcvenli\u011fi, kamu g\u00fcvenli\u011fini, kamu d\u00fczenini veya ekonomik g\u00fcvenli\u011fi sa\u011flamaya y\u00f6nelik olarak kanunla g\u00f6rev ve yetki verilmi\u015f kamu kurum ve kurulu\u015flar\u0131 taraf\u0131ndan y\u00fcr\u00fct\u00fclen \u00f6nleyici, koruyucu ve bilgi toplama faaliyetler kapsam\u0131nda i\u015flenmesi.<br \/>\ne) Ki\u015fisel verilerin soru\u015fturma, kovu\u015fturma, yarg\u0131lama veya infaz i\u015flemlerine ili\u015fkin olarak yarg\u0131 makamlar\u0131 veya infaz mercileri taraf\u0131ndan i\u015flenmesi.<\/h4>\n<h4><strong>KVKK\u2019n\u0131n 28\/2. Maddesi uyar\u0131nca; a\u015fa\u011f\u0131da s\u0131ralanan hallerde \u0130lgili Ki\u015filer zarar\u0131n giderilmesini talep etme hakk\u0131 hari\u00e7, KVKK\u2019n\u0131n 11. Maddesinde say\u0131lan di\u011fer haklar\u0131n\u0131 ileri s\u00fcremezler:<\/strong><\/h4>\n<h4>a) Ki\u015fisel veri i\u015flemenin su\u00e7 i\u015flenmesinin \u00f6nlenmesi veya su\u00e7 soru\u015fturmas\u0131 i\u00e7in gerekli olmas\u0131.<br \/>\nb) \u0130lgili Ki\u015fi\u2019nin kendisi taraf\u0131ndan alenile\u015ftirilmi\u015f ki\u015fisel verilerin i\u015flenmesi.<br \/>\nc) Ki\u015fisel veri i\u015flemenin kanunun verdi\u011fi yetkiye dayan\u0131larak g\u00f6revli ve yetkili kamu kurum ve kurulu\u015flar\u0131 ile kamu kurumu niteli\u011findeki meslek kurulu\u015flar\u0131nca, denetleme veya d\u00fczenleme g\u00f6revlerinin y\u00fcr\u00fct\u00fclmesi ile disiplin soru\u015fturma veya kovu\u015fturmas\u0131 i\u00e7in gerekli olmas\u0131.<br \/>\nd) Ki\u015fisel veri i\u015flemenin b\u00fct\u00e7e, vergi ve mali konulara ili\u015fkin olarak Devletin ekonomik ve mali \u00e7\u0131karlar\u0131n\u0131n korunmas\u0131 i\u00e7in gerekli olmas\u0131.<\/h4>\n<h4><strong>8. \u0130LG\u0130L\u0130 K\u0130\u015e\u0130LER\u0130N AYDINLATILMASI VE B\u0130LG\u0130LEND\u0130R\u0130LMES\u0130<\/strong><\/h4>\n<h4>\u015eirketimiz, KVKK 10. maddesindeki d\u00fczenlemesine uygun olarak, ilgili ki\u015fileri ki\u015fisel verilerin i\u015flenmesi ve di\u011fer s\u00fcre\u00e7leri ile ilgili olarak i\u015fbu Politika ve internet sitemizde eri\u015fimi kolayl\u0131kla m\u00fcmk\u00fcn olacak \u015fekilde mevcut olan Ayd\u0131nlatma Metni ve bu kapsamda taraf\u0131m\u0131zca yay\u0131nlanan di\u011fer metinler arac\u0131l\u0131\u011f\u0131yla ayd\u0131nlatmakt\u0131r.<\/h4>\n<h4>\u0130\u015fbu politika ve di\u011fer belgelerle \u015eirketimiz, kendisine ve temsilcisine ait bilgiler ile veri sorumlusunun kimli\u011fi, ki\u015fisel verilerin hangi ama\u00e7la i\u015flenece\u011fi, i\u015flenen ki\u015fisel verilerin kimlere ve hangi ama\u00e7la aktar\u0131labilece\u011fi, ki\u015fisel veri toplaman\u0131n y\u00f6ntemi ve hukuki sebebi ve ilgili ki\u015finin di\u011fer haklar\u0131 konusunda ilgili ki\u015fileri bilgilendirmektedir.<\/h4>\n<h4>\u0130lgili ki\u015finin KVKK\u2019da belirtilen haklar\u0131n\u0131 daha rahat\u00e7a kullanabilmesi amac\u0131yla bir Veri Sorumlusuna Ba\u015fvuru Formu olu\u015fturulmu\u015f ve \u015eirketimizin internet sitesinde yay\u0131mlanm\u0131\u015ft\u0131r.<\/h4>\n<h4><strong>9. K\u0130\u015e\u0130SEL VER\u0130LER\u0130N SAKLANMA S\u00dcRELER\u0130<\/strong><\/h4>\n<h4>\u015eirketimiz ki\u015fisel verileri, o veriye dair ilgili mevzuatta bir s\u00fcre \u00f6ng\u00f6r\u00fclmesi durumunda o s\u00fcre kadar saklamaktad\u0131r. Herhangi bir s\u00fcre belirlenmemi\u015fse saklama s\u00fcreleri belirlenirken , ilgili s\u00f6zle\u015fmelerden ve yasal mevzuat ile hukuki anlamdaki y\u00fck\u00fcml\u00fcl\u00fcklerimizin getirdikleri, \u015firketin faaliyeti, ki\u015fisel verisini i\u015fleme gerek duydu\u011fu ki\u015fi veya ki\u015filerle ili\u015fkinin devam edece\u011fi s\u00fcre g\u00f6z \u00f6n\u00fcnde bulundurulmaktad\u0131r. Yine ki\u015fisel verilerin saklanmas\u0131nda bu verilere duyulan ihtiya\u00e7 ile bu verileri saklaman\u0131n yarataca\u011f\u0131 risk, maliyet ve sorumluluklar a\u00e7\u0131s\u0131ndan de\u011ferlendirme yap\u0131lmal\u0131d\u0131r.<\/h4>\n<h4>Ki\u015fisel verilere dair kanunda bir s\u00fcre belirtilmemi\u015f ve bu sebeple \u015firketimizce i\u015fleme sebebiyle al\u0131nan veriler, i\u015flenme amac\u0131 sona erdi\u011fi tarihte, ki\u015fisel veriye ili\u015fkin ilgili mevzuat ve \u015firketin belirledi\u011fi saklama s\u00fcresi \u00f6ng\u00f6r\u00fclm\u00fc\u015fse bu s\u00fcrenin sona erdi\u011fi tarihte silinmekte ve yaln\u0131zca olas\u0131 hukuki uyu\u015fmazl\u0131klarda delil te\u015fkil etmesi veya ki\u015fisel veriye ba\u011fl\u0131 ilgili hakk\u0131n ileri s\u00fcr\u00fclebilmesi amac\u0131yla yedeklenmektedir. Bu durumda ki\u015fisel verilere herhangi bir ba\u015fka ama\u00e7la eri\u015fim sa\u011flanmamaktad\u0131r. Ki\u015fisel veriler, \u015eirketimizin Ki\u015fisel Veri Saklama ve \u0130mha Y\u00f6nergesinde belirlenen s\u00fcreler sona erdikten sonra yok edilmekte veya anonim hale getirilmektedir. Saklama s\u00fcreci boyunca bu ki\u015fisel verilerin hem fiziki hem de bili\u015fim sisteminde tutulabilece\u011fi ifade edilmelidir.<\/h4>\n<h4>\u00a0 \u00a0 \u00a0 \u00a0 \u00a0<strong> 10. K\u0130\u015e\u0130SEL VER\u0130LER\u0130N S\u0130L\u0130NMES\u0130, YOK ED\u0130LMES\u0130 VE<\/strong><br \/>\n<strong>ANON\u0130MLE\u015eT\u0130R\u0130LMES\u0130<\/strong><\/h4>\n<h4>T\u00fcrk Ceza Kanunu\u2019nun 138, KVKK\u2019n\u0131n 7. ve Ki\u015fisel Verilerin Silinmesi, Yok Edilmesi veya Anonim Hale Getirilmesi Hakk\u0131nda Y\u00f6netmelik\u2019in 7. Maddesi uyar\u0131nca, i\u015flenmesini gerektiren sebeplerin ortadan kalkmas\u0131 h\u00e2linde resen ya da ilgili ki\u015finin talebi halinde ki\u015fisel veriler silinir, yok edilir veya anonim h\u00e2le getirilir.<\/h4>\n<h4>Ancak KVKK 5\/2 kapsam\u0131nda saklama y\u00fck\u00fcml\u00fcl\u00fc\u011f\u00fcn\u00fcn\/hakk\u0131n\u0131n\u0131n bulundu\u011fu durumlarda ilgili<br \/>\nki\u015finin bu y\u00f6ndeki talebi red edilebilir.<\/h4>\n<h4>Ki\u015fisel verilerin silinmesi ve yok edilmesi baz\u0131 teknikler kullan\u0131lmaktad\u0131r. Bu teknikler aras\u0131nda Ki\u015fisel verilerin hi\u00e7bir \u015fekilde eri\u015filemez ve tekrar kullan\u0131lamaz hale getirilmesi i\u015flemidir. Bu i\u015flem ki\u015fisel verilerin otomatik olmayan yollarla i\u015flenmesi halinde de uygulan\u0131r ve fiziksel olarak bu veriler yok edilmesi anlam\u0131nda kullan\u0131lan fiziksel olarak s\u00f6z konusu ki\u015fisel verileri yok etme ve : K\u0131smi olarak ya da tamam\u0131yla otomatik olan yollarla i\u015flenen ve dijital ortamlarda muhafaza edilen veriler silinirken\/yok edilirken; bir daha kurtar\u0131lamayacak bi\u00e7imde silinmesi anlam\u0131nda kullan\u0131lan ki\u015fisel verinin bulundu\u011fu (bu hususun teknik yard\u0131m\u0131 gerektirmesi halinde alan\u0131nda uzman ki\u015filer arac\u0131l\u0131\u011f\u0131yla) dijital ortamdan\/yaz\u0131l\u0131mdan silme ve ayr\u0131ca ki\u015fisel verilerin fiziksel olarak okunamayacak hale getirilmesi yoluyla karartma y\u00f6ntemleri \u015firketimizce uygulanan y\u00f6ntemlerdir.<\/h4>\n<h4>\u015eirketimiz silinen ki\u015fisel verilerin ilgili kullan\u0131c\u0131lar i\u00e7in eri\u015filemez ve tekrar kullan\u0131lamaz olmas\u0131 i\u00e7in gerekli her t\u00fcrl\u00fc teknik ve idari tedbirleri almaktad\u0131r.<\/h4>\n<h4>Ki\u015fisel verilerin anonim hale getirilmesi, ki\u015fisel verilerin ba\u015fka verilerle e\u015fle\u015ftirilse dahi hi\u00e7bir surette kimli\u011fi belirli veya belirlenebilir bir ger\u00e7ek ki\u015fiyle ili\u015fkilendirilemeyecek hale<br \/>\ngetirilmesidir. Ancak KVKK 28 kapsam\u0131nda ara\u015ft\u0131rma, planlama ve istatistik gibi ama\u00e7larla i\u015flenmesi halinde a\u00e7\u0131k r\u0131za al\u0131nmaks\u0131z\u0131n \u015firketimiz taraf\u0131ndan anonimle\u015ftirilebilmesi m\u00fcmk\u00fcnd\u00fcr.<br \/>\nBu ama\u00e7larla \u015firketimizce anonimle\u015ftirme teknikleri kapsam\u0131nda ki\u015fisel verilerin toplam de\u011feri yans\u0131tmas\u0131n\u0131 ifade eden toplula\u015ft\u0131rma, verilerin baz\u0131 b\u00f6l\u00fcmlerinin silinmesi suretiyle ki\u015fisel<br \/>\nverilerin ger\u00e7ek ki\u015fi ile ba\u011flant\u0131s\u0131 hale getirilmesi anlam\u0131nda kullan\u0131lan maskeleme y\u00f6ntemi kullan\u0131lmaktad\u0131r.<\/h4>\n<h4>\u00a0 \u00a0 \u00a0 \u00a0 \u00a0<strong> 11. DENET\u0130M<\/strong><\/h4>\n<h4>\u0130\u015fbu politika, \u015firketimizin y\u00f6netim kurulu taraf\u0131ndan onaylanarak y\u00fcr\u00fcrl\u00fc\u011fe girer. Her 6(alt\u0131) ayda bir politika g\u00f6zden ge\u00e7irilir ve gerekli de\u011fi\u015fiklik ve yenilikler yap\u0131l\u0131r. Yap\u0131lacak de\u011fi\u015fiklikler ve<br \/>\nyenilikler de y\u00f6netim kurulunun onay\u0131na tabidir. Politikan\u0131n gereklilikleri \u015firket organizasyonunda i\u00e7selle\u015ftirilmi\u015ftir.<\/h4>\n<h4>\u00a0 \u00a0 \u00a0 \u00a0 \u00a0 <strong>12.POL\u0130T\u0130KANIN D\u0130\u011eER \u015e\u0130RKET BELGELER\u0130 \u0130LE OLAN \u0130L\u0130\u015eK\u0130S\u0130<\/strong><\/h4>\n<h4>\u0130\u015fbu Politika, ki\u015fisel verilerin korunmas\u0131na ili\u015fkin ilkelere y\u00f6nelik olup, \u015firketimize ait di\u011fer politika, prosed\u00fcr ve s\u00fcre\u00e7lerle uyum i\u00e7indedir. \u015eirketimizin haz\u0131rlam\u0131\u015f oldu\u011fu politika ve prosed\u00fcrler ve di\u011fer belgeler aras\u0131nda bir uyumsuzluk olmas\u0131 halinde ki\u015fisel verilerin i\u015flenmesi ile ilgili konularda i\u015fbu Politika h\u00fck\u00fcmleri g\u00f6z \u00f6n\u00fcnde tutulur.<\/h4>\n<h4>\u00a0 \u00a0 \u00a0 \u00a0 \u00a0<strong> 13.Y\u00dcR\u00dcRL\u00dcK<\/strong><\/h4>\n<h4>\u0130\u015fbu Politika, \u015firket y\u00f6netim kurulu\/yetkili organlar taraf\u0131ndan kabul edilip duyurulma tarihinden itibaren y\u00fcr\u00fcrl\u00fc\u011fe girer.<\/h4>\n<h4><\/h4>\n<h4><strong>EKLER:<\/strong><\/h4>\n<h4><strong>I.K\u0130\u015e\u0130SEL VER\u0130 SAH\u0130PLER\u0130<\/strong><\/h4>\n<h4><strong>II. K\u0130\u015e\u0130SEL VER\u0130 KATEGOR\u0130S\u0130<\/strong><\/h4>\n<h4><strong>III. K\u0130\u015e\u0130SEL VER\u0130 AKTARILAN K\u0130\u015e\u0130 GRUPLARI<\/strong><\/h4>\n<h4><strong>IV. TANIMLAR<\/strong><\/h4>\n<h4><strong>V. \u015e\u0130RKET ve GRUP \u015e\u0130RKET B\u0130LG\u0130LER\u0130<\/strong><\/h4>\n<h4><\/h4>\n<h4><strong>I.K\u0130\u015e\u0130SEL VER\u0130 SAH\u0130PLER\u0130<\/strong><\/h4>\n<table style=\"width: 100%; border-collapse: collapse; border-style: solid; height: 258px;\">\n<tbody>\n<tr style=\"height: 66px;\">\n<td style=\"width: 50%; border-style: solid; height: 66px;\">\n<h4 style=\"text-align: center;\"><strong>K\u0130\u015e\u0130SEL VER\u0130 SAH\u0130PLER\u0130<\/strong><\/h4>\n<\/td>\n<td style=\"width: 50%; border-style: solid; text-align: center; height: 66px;\">\n<h4><strong>A\u00c7IKLAMA<\/strong><\/h4>\n<\/td>\n<\/tr>\n<tr style=\"height: 24px;\">\n<td style=\"width: 50%; border-style: solid; height: 24px;\">\n<h4><strong>M\u00dc\u015eTER\u0130<\/strong><\/h4>\n<\/td>\n<td style=\"width: 50%; border-style: solid; height: 24px;\">\n<h4>S\u00f6zle\u015fmesel bir ili\u015fki olup olmad\u0131\u011f\u0131na bak\u0131lmaks\u0131z\u0131n, \u015eirketimizden mal\/ hizmet alan ger\u00e7ek ki\u015filer<\/h4>\n<\/td>\n<\/tr>\n<tr style=\"height: 24px;\">\n<td style=\"width: 50%; border-style: solid; height: 24px;\">\n<h4><strong>POTANS\u0130YEL M\u00dc\u015eTER\u0130<\/strong><\/h4>\n<\/td>\n<td style=\"width: 50%; border-style: solid; height: 24px;\">\n<h4>Hizmetlerimizden yararlanma talebinde veya ilgisinde bulunmu\u015f veya bu ilgiye sahip olabilece\u011fi team\u00fcl ve d\u00fcr\u00fcstl\u00fck kurullar\u0131na uygun olarak de\u011ferlendirilmi\u015f ger\u00e7ek ki\u015filer<\/h4>\n<\/td>\n<\/tr>\n<tr style=\"height: 24px;\">\n<td style=\"width: 50%; border-style: solid; height: 24px;\">\n<h4><strong>\u00dc\u00c7\u00dcNC\u00dc K\u0130\u015e\u0130<\/strong><\/h4>\n<\/td>\n<td style=\"width: 50%; border-style: solid; height: 24px;\">\n<h4>\u015eirketimizin m\u00fc\u015fteri ya da potansiyel m\u00fc\u015fterilerle aras\u0131ndaki ticari i\u015flemlerin g\u00fcvenli\u011fini sa\u011flamak veya bu ki\u015filerin haklar\u0131n\u0131 korumak \u00fczere bu ki\u015filerle ili\u015fkili gerecek ki\u015filer veya politika kapsam\u0131nda ifade edilmemekte beraber belli bir ama\u00e7 kapsam\u0131nda verisini i\u015flemek zorunda kald\u0131\u011f\u0131 ger\u00e7ek ki\u015filer<\/h4>\n<\/td>\n<\/tr>\n<tr style=\"height: 24px;\">\n<td style=\"width: 50%; border-style: solid; height: 24px;\">\n<h4><strong>\u00c7ALI\u015eAN ADAYI<\/strong><\/h4>\n<\/td>\n<td style=\"width: 50%; border-style: solid; height: 24px;\">\n<h4>\u015eirketimizde \u00e7al\u0131\u015fmak \u00fczere ba\u015fvuruda bulunan ger\u00e7ek ki\u015filer<\/h4>\n<\/td>\n<\/tr>\n<tr style=\"height: 24px;\">\n<td style=\"width: 50%; border-style: solid; height: 24px;\">\n<h4><strong>\u015e\u0130RKET H\u0130SSEDARLARI<\/strong><\/h4>\n<\/td>\n<td style=\"width: 50%; border-style: solid; height: 24px;\">\n<h4>\u015eirketimizin hissedar\u0131 olan ger\u00e7ek ki\u015filer<\/h4>\n<\/td>\n<\/tr>\n<tr style=\"height: 24px;\">\n<td style=\"width: 50%; border-style: solid; height: 24px;\">\n<h4><strong>\u015e\u0130RKET YETK\u0130L\u0130S\u0130<\/strong><\/h4>\n<\/td>\n<td style=\"width: 50%; border-style: solid; height: 24px;\">\n<h4>\u015eirketimizin y\u00f6netim kurulu \u00fcyesi ve \u015eirketimizce yetkilendirilen di\u011fer ger\u00e7ek ki\u015filer<\/h4>\n<\/td>\n<\/tr>\n<tr style=\"height: 24px;\">\n<td style=\"width: 50%; border-style: solid; height: 24px;\">\n<h4><strong>\u0130\u015eB\u0130RL\u0130\u011e\u0130 \u0130\u00c7\u0130NDE OLUNAN KURUMLARIN H\u0130SSEDARLARI, YETK\u0130L\u0130LER\u0130, \u00c7ALI\u015eANLARI<\/strong><\/h4>\n<\/td>\n<td style=\"width: 50%; border-style: solid; height: 24px;\">\n<h4>\u015eirketimizin y\u00fcr\u00fctt\u00fc\u011f\u00fc faaliyet kapsamda ileti\u015fimde bulundu\u011fu(i\u015f orta\u011f\u0131, tedarik\u00e7i vb. ancak bunlarla s\u0131n\u0131rl\u0131 olmaks\u0131z\u0131n) \u00e7al\u0131\u015fan, bu kurumlar\u0131n hissedarlar\u0131 ve yetkilileri dahil olmak \u00fczere ger\u00e7ek ki\u015filer<\/h4>\n<\/td>\n<\/tr>\n<tr style=\"height: 24px;\">\n<td style=\"width: 50%; border-style: solid; height: 24px;\">\n<h4><strong>GRUP \u015e\u0130RKET\u0130 \u00c7ALI\u015eANI<\/strong><\/h4>\n<\/td>\n<td style=\"width: 50%; border-style: solid; height: 24px;\">\n<h4>\u015eirketimizin ve yurti\u00e7inde bulunan \u015firketlerinin temsilcileri ve \u00e7al\u0131\u015fanlar\u0131<\/h4>\n<\/td>\n<\/tr>\n<\/tbody>\n<\/table>\n<h4><\/h4>\n<h4><strong>II. K\u0130\u015e\u0130SEL VER\u0130 KATEGOR\u0130S\u0130<\/strong><\/h4>\n<table style=\"height: 480px; width: 100%; border-collapse: collapse; border-style: solid;\">\n<tbody>\n<tr style=\"height: 24px;\">\n<td style=\"width: 50%; height: 24px; border-style: solid; text-align: center;\">\n<h4><strong>K\u0130\u015e\u0130SEL VER\u0130 KATEGOR\u0130S\u0130<\/strong><\/h4>\n<\/td>\n<td style=\"width: 50%; height: 24px; border-style: solid; text-align: center;\">\n<h4><strong>A\u00c7IKLAMA<\/strong><\/h4>\n<\/td>\n<\/tr>\n<tr style=\"height: 24px;\">\n<td style=\"width: 50%; border-style: solid; height: 24px;\">\n<h4>K\u0130ML\u0130K B\u0130LG\u0130S\u0130<\/h4>\n<\/td>\n<td style=\"width: 50%; border-style: solid; height: 24px;\">\n<h4>Ki\u015finin kimli\u011fine dair ad-soyad, TC kimlik numras\u0131, do\u011fum yeri, uyru\u011fu gibi bilgiler ile ehliyet, nuf\u00fcs c\u00fczdan\u0131, mesleki kimlik, evlilik c\u00fczdan\u0131, pasaport gibi belgeler<\/h4>\n<\/td>\n<\/tr>\n<tr style=\"height: 24px;\">\n<td style=\"width: 50%; border-style: solid; height: 24px;\">\n<h4><strong>\u0130LET\u0130\u015e\u0130M B\u0130LG\u0130S\u0130<\/strong><\/h4>\n<\/td>\n<td style=\"width: 50%; border-style: solid; height: 24px;\">\n<h4>Adres, telefon numaras\u0131, e-posta, faks numaras\u0131, kep adresi gibi bilgiler<\/h4>\n<\/td>\n<\/tr>\n<tr style=\"height: 24px;\">\n<td style=\"width: 50%; border-style: solid; height: 24px;\">\n<h4><strong>M\u00dc\u015eTER\u0130 B\u0130LG\u0130S\u0130<\/strong><\/h4>\n<\/td>\n<td style=\"width: 50%; border-style: solid; height: 24px;\">\n<h4>\u015eirketimizin faaliyetleri kapsam\u0131nda m\u00fc\u015fteriler hakk\u0131nda elde edilen veriler<\/h4>\n<\/td>\n<\/tr>\n<tr style=\"height: 24px;\">\n<td style=\"width: 50%; border-style: solid; height: 24px;\">\n<h4><strong>M\u00dc\u015eTER\u0130 \u0130\u015eLEM B\u0130LG\u0130S\u0130<\/strong><\/h4>\n<\/td>\n<td style=\"width: 50%; border-style: solid; height: 24px;\">\n<h4>M\u00fc\u015fterilerimizin mal ve hizmet kullan\u0131m\u0131na y\u00f6nelik kay\u0131tlar ile bu kullan\u0131m i\u00e7in gerekli olan talimatlar<\/h4>\n<\/td>\n<\/tr>\n<tr style=\"height: 24px;\">\n<td style=\"width: 50%; border-style: solid; height: 24px;\">\n<h4><strong>A\u0130LE B\u0130REYLER\u0130 ve YAKIN B\u0130LG\u0130S\u0130<\/strong><\/h4>\n<\/td>\n<td style=\"width: 50%; border-style: solid; height: 24px;\">\n<h4>\u00c7al\u0131\u015fan ki\u015filerin haklar\u0131n\u0131 korumak amac\u0131yla aile bireylerine ve\/veya yak\u0131nlar\u0131na dair bilgiler<\/h4>\n<\/td>\n<\/tr>\n<tr style=\"height: 24px;\">\n<td style=\"width: 50%; border-style: solid; height: 24px;\">\n<h4><strong>\u0130\u015eLEM B\u0130LG\u0130S\u0130<\/strong><\/h4>\n<\/td>\n<td style=\"width: 50%; border-style: solid; height: 24px;\">\n<h4>\u015eirketimizce y\u00fcr\u00fct\u00fclen faaliyetler kapsam\u0131nda ki\u015fisel veri sahibinin menfaatleri do\u011frultusunda i\u015flenen beyan bilgisi, \u00fcyelik bilgisi vb. kay\u0131tlar<\/h4>\n<\/td>\n<\/tr>\n<tr style=\"height: 24px;\">\n<td style=\"width: 50%; border-style: solid; height: 24px;\">\n<h4><strong>\u0130\u015eLEM G\u00dcVENL\u0130\u011e\u0130 B\u0130LG\u0130S\u0130<\/strong><\/h4>\n<\/td>\n<td style=\"width: 50%; border-style: solid; height: 24px;\">\n<h4>\u015eirketimiz faaliyetleri kapsam\u0131nda elde edilen verilerin teknik, idari, ticari ve hukuki g\u00fcvenli\u011fi sa\u011flamak maksad\u0131yla i\u015flenen ki\u015fisel veriler<\/h4>\n<\/td>\n<\/tr>\n<tr style=\"height: 24px;\">\n<td style=\"width: 50%; border-style: solid; height: 24px;\">\n<h4><strong>R\u0130SK Y\u00d6NET\u0130M\u0130 B\u0130LG\u0130S\u0130<\/strong><\/h4>\n<\/td>\n<td style=\"width: 50%; border-style: solid; height: 24px;\">\n<h4>Hukukun ve ticari team\u00fcl\u00fcn kapsam\u0131nda teknik ve idari riskleri y\u00f6netebilmemiz i\u00e7in bu alanlarda olu\u015fturulan y\u00f6ntemler vas\u0131tas\u0131yla elde edilen veriler<\/h4>\n<\/td>\n<\/tr>\n<tr style=\"height: 24px;\">\n<td style=\"width: 50%; border-style: solid; height: 24px;\">\n<h4><strong>F\u0130NANSAL B\u0130LG\u0130<\/strong><\/h4>\n<\/td>\n<td style=\"width: 50%; border-style: solid; height: 24px;\">\n<h4>\u015eirketimizin veri sahibi ile kurulan hukuki ili\u015fkin niteli\u011fine g\u00f6re payla\u015f\u0131lan IBAN no, hesap no gibi bilgiler.<\/h4>\n<\/td>\n<\/tr>\n<tr style=\"height: 24px;\">\n<td style=\"width: 50%; border-style: solid; height: 24px;\">\n<h4><strong>LOKASYON B\u0130LG\u0130S\u0130<\/strong><\/h4>\n<\/td>\n<td style=\"width: 50%; border-style: solid; height: 24px;\">\n<h4>\u015eirketimizin faaliyetlerini y\u00fcr\u00fct\u00fcrken bilhassa mal veya hizmet tedarik ederken acil durum s\u00fcre\u00e7leri ba\u015fta olmak \u00fczere, hizmetin kalitesini art\u0131r\u0131lmas\u0131 amac\u0131yla bulundu\u011fu yerin tespitini sa\u011flayan veriler<\/h4>\n<\/td>\n<\/tr>\n<tr style=\"height: 24px;\">\n<td style=\"width: 50%; height: 24px; border-style: solid;\">\n<h4><strong>\u00c7ALI\u015eAN ADAYI B\u0130LG\u0130S\u0130<\/strong><\/h4>\n<\/td>\n<td style=\"width: 50%; height: 24px; border-style: solid;\">\n<h4>\u015eirketimize ba\u015fvuruda bulunan ya da \u00e7al\u0131\u015fan ki\u015filerin \u00f6zge\u00e7mi\u015f bilgileri<\/h4>\n<\/td>\n<\/tr>\n<tr style=\"height: 24px;\">\n<td style=\"width: 50%; height: 24px; border-style: solid;\">\n<h4><strong>\u00dcCRETLEND\u0130RME, BORDOLAMA VE \u00d6ZL\u00dcK B\u0130LG\u0130S\u0130<\/strong><\/h4>\n<\/td>\n<td style=\"width: 50%; height: 24px; border-style: solid;\">\n<h4>\u015eirketimizde \u00e7al\u0131\u015fmakta olan ki\u015filerin \u00f6zl\u00fck, \u00fccretlendirme ve bordrolama i\u015flemlerine ait faaliyetler y\u00fcr\u00fct\u00fcl\u00fcrken elde edilen veriler.<\/h4>\n<\/td>\n<\/tr>\n<tr style=\"height: 24px;\">\n<td style=\"width: 50%; height: 24px; border-style: solid;\">\n<h4><strong>\u00dcCRET, YAN HAKLAR ve MENFAATLER B\u0130LG\u0130S\u0130<\/strong><\/h4>\n<\/td>\n<td style=\"width: 50%; height: 24px; border-style: solid;\">\n<h4>\u015eirketimizde \u00e7al\u0131\u015fan ki\u015filere sunulan\/sunulacak olan \u00fccret, yan haklar ve menfaatlere y\u00f6nelik i\u015f ve i\u015flemler ile bunlar\u0131n takibi, planlanmas\u0131 kapsam\u0131nda i\u015flenen ki\u015fisel veriler<\/h4>\n<\/td>\n<\/tr>\n<tr style=\"height: 24px;\">\n<td style=\"width: 50%; height: 24px; border-style: solid;\">\n<h4><strong>HUKUK\u0130 \u0130\u015eLEM ve UYUM B\u0130LG\u0130S\u0130<\/strong><\/h4>\n<\/td>\n<td style=\"width: 50%; height: 24px; border-style: solid;\">\n<h4>Hukuki alacak ve haklar\u0131m\u0131z\u0131n tespiti, takibi ve bor\u00e7lar\u0131m\u0131z\u0131n ifas\u0131 ile kanuni y\u00fck\u00fcml\u00fcl\u00fcklerimiz ve \u015firket politikalar\u0131na uyum kapsam\u0131nda i\u015flenen ki\u015fisel veriler<\/h4>\n<\/td>\n<\/tr>\n<tr style=\"height: 24px;\">\n<td style=\"width: 50%; height: 24px; border-style: solid;\">\n<h4><strong>DENET\u0130M ve TEFT\u0130\u015e B\u0130LG\u0130S\u0130<\/strong><\/h4>\n<\/td>\n<td style=\"width: 50%; height: 24px; border-style: solid;\">\n<h4>\u015eirketimizin \u00f6ncelikle yasal mevzuata ve daha sonrada kendi politikalar\u0131n\u0131n denetimi kapsam\u0131ndaki faaliyetlerin y\u00fcr\u00fct\u00fclmesine ili\u015fkin i\u015flenen ki\u015fisel veriler<\/h4>\n<\/td>\n<\/tr>\n<tr style=\"height: 24px;\">\n<td style=\"width: 50%; height: 24px; border-style: solid;\">\n<h4><strong>\u00d6ZEL N\u0130TEL\u0130KL\u0130 K\u0130\u015e\u0130SEL VER\u0130<\/strong><\/h4>\n<\/td>\n<td style=\"width: 50%; height: 24px; border-style: solid;\">\n<h4>Ki\u015filerin \u0131rk\u0131, etnik k\u00f6keni, siyasi d\u00fc\u015f\u00fcncesi, felsefi inanc\u0131, dini, mezhebi veya di\u011fer inan\u00e7lar\u0131, k\u0131l\u0131k ve k\u0131yafeti, dernek, vak\u0131f ya da sendika \u00fcyeli\u011fi, sa\u011fl\u0131\u011f\u0131, cinsel hayat\u0131, ceza mahk\u00fbmiyeti ve g\u00fcvenlik tedbirleriyle ilgili verileri ile biyometrik ve genetik veriler<\/h4>\n<\/td>\n<\/tr>\n<tr style=\"height: 24px;\">\n<td style=\"width: 50%; height: 24px; border-style: solid;\">\n<h4><strong>TALEP\/\u015e\u0130KAYET Y\u00d6NET\u0130M B\u0130LG\u0130S\u0130<\/strong><\/h4>\n<\/td>\n<td style=\"width: 50%; height: 24px; border-style: solid;\">\n<h4>\u015eirketimize y\u00f6neltilmi\u015f olan her t\u00fcrl\u00fc talep veya \u015fikayetin al\u0131nmas\u0131 ve de\u011ferlendirilmesine ili\u015fkin ki\u015fisel veriler<\/h4>\n<\/td>\n<\/tr>\n<tr style=\"height: 24px;\">\n<td style=\"width: 50%; height: 24px; border-style: solid;\">\n<h4>OLAY Y\u00d6NET\u0130M B\u0130LG\u0130S\u0130<\/h4>\n<\/td>\n<td style=\"width: 50%; height: 24px; border-style: solid;\">\n<h4>\u015eirketimizin, \u00e7al\u0131\u015fanlar\u0131n\u0131n, hissedarlar\u0131n\u0131n etkileme potansiyeli olan olaylarla ilgili toplanan bilgiler ve de\u011ferlendirmeler<\/h4>\n<\/td>\n<\/tr>\n<tr style=\"height: 24px;\">\n<td style=\"width: 50%; height: 24px; border-style: solid;\">\n<h4><strong>G\u00d6RSEL\/\u0130\u015e\u0130TSEL VER\u0130<\/strong><\/h4>\n<\/td>\n<td style=\"width: 50%; height: 24px; border-style: solid;\">\n<h4>Foto\u011fraf ve kamera kay\u0131tlar\u0131, ses kay\u0131tlar\u0131 ile ki\u015fisel veri i\u00e7eren belgelerin kopyas\u0131<\/h4>\n<\/td>\n<\/tr>\n<\/tbody>\n<\/table>\n<h4><strong>III. K\u0130\u015e\u0130SEL VER\u0130 AKTARILAN K\u0130\u015e\u0130 GRUPLARI<\/strong><\/h4>\n<table style=\"width: 100%; border-collapse: collapse; border-style: solid; height: 1320px;\">\n<tbody>\n<tr style=\"height: 90px;\">\n<td style=\"width: 33.3333%; border-style: solid; text-align: center; height: 90px;\">\n<h4><strong>AKTARIM YAPILAN <\/strong><strong>K\u0130\u015e\u0130 GRUPLARI<\/strong><\/h4>\n<\/td>\n<td style=\"width: 33.3333%; border-style: solid; text-align: center; height: 90px;\">\n<h4><strong>TANIMI<\/strong><\/h4>\n<\/td>\n<td style=\"width: 33.3333%; border-style: solid; text-align: center; height: 90px;\">\n<h4><strong>VER\u0130 AKTARIM AMACI<\/strong><\/h4>\n<\/td>\n<\/tr>\n<tr style=\"height: 234px;\">\n<td style=\"width: 33.3333%; border-style: solid; height: 234px;\">\n<h4><strong>\u0130\u015e ORTA\u011eI<\/strong><\/h4>\n<\/td>\n<td style=\"width: 33.3333%; border-style: solid; height: 234px;\">\n<h4>\u015eirketimizin faaliyetlerinin devam\u0131 s\u0131ras\u0131nda hizmet almak, \u00f6zellikli hususlarla ilgili projeleri y\u00fcr\u00fctmek amac\u0131yla edindi\u011fi ortak<\/h4>\n<\/td>\n<td style=\"width: 33.3333%; border-style: solid; height: 234px;\">\n<h4>\u0130\u015f ortakl\u0131\u011f\u0131 kapsam\u0131ndaki faaliyetlerle s\u0131n\u0131rl\u0131 olarak \u015firketimizin ifa y\u00fck\u00fcml\u00fcl\u00fc\u011f\u00fcn\u00fc yerine getirmesi amac\u0131yla<\/h4>\n<\/td>\n<\/tr>\n<tr style=\"height: 306px;\">\n<td style=\"width: 33.3333%; border-style: solid; height: 306px;\">\n<h4><strong>TEDAR\u0130K\u00c7\u0130<\/strong><\/h4>\n<\/td>\n<td style=\"width: 33.3333%; border-style: solid; height: 306px;\">\n<h4>\u015eirketimizin faaliyetlerinin devam\u0131 s\u0131ras\u0131nda \u015firketimiz talimatlar\u0131 do\u011frultusunda hareket eden \u015firketimize hizmet sunan taraflar ile bu taraflar\u0131n \u00e7al\u0131\u015fan\/yetkili ve ilgili ki\u015filerini ifade eder.<\/h4>\n<\/td>\n<td style=\"width: 33.3333%; border-style: solid; height: 306px;\">\n<h4>\u015eirketimizin tedarik\u00e7iden d\u0131\u015f kaynakl\u0131 olarak temin etti\u011fi ve \u015eirketimizin ticari faaliyetlerini yerine getirmek i\u00e7in gerekli hizmetlerin sunulmas\u0131n\u0131 sa\u011flamak amac\u0131yla s\u0131n\u0131rl\u0131 olarak<\/h4>\n<\/td>\n<\/tr>\n<tr style=\"height: 210px;\">\n<td style=\"width: 33.3333%; border-style: solid; height: 210px;\">\n<h4><strong>HUKUKEN YETK\u0130L\u0130 KAMU KURUM ve KURULU\u015eLARI<\/strong><\/h4>\n<\/td>\n<td style=\"width: 33.3333%; border-style: solid; height: 210px;\">\n<h4>\u0130lgili mevzuat h\u00fck\u00fcmlerine g\u00f6re \u015firketimizden bilgi ve belge almak konusunda yetkili kamu kurum ve kurulu\u015flar\u0131<\/h4>\n<\/td>\n<td style=\"width: 33.3333%; border-style: solid; height: 210px;\">\n<h4>\u0130lgili kamu kurum ve kurulu\u015flar\u0131n\u0131n hukuki yetkisi dahilinde talep etti\u011fi ama\u00e7la s\u0131n\u0131rl\u0131 olarak<\/h4>\n<\/td>\n<\/tr>\n<tr style=\"height: 144px;\">\n<td style=\"width: 33.3333%; border-style: solid; height: 144px;\">\n<h4><strong>HUKUKEN YETK\u0130L\u0130 \u00d6ZEL HUKUK K\u0130\u015e\u0130LER\u0130<\/strong><\/h4>\n<\/td>\n<td style=\"width: 33.3333%; border-style: solid; height: 144px;\">\n<h4>\u0130lgili mevzuat h\u00fck\u00fcmlerine g\u00f6re \u015firketimizden bilgi ve belge almak konusunda yetkili \u00f6zel hukuk ki\u015fileri<\/h4>\n<\/td>\n<td style=\"width: 33.3333%; border-style: solid; height: 144px;\">\n<h4>\u0130lgili \u00f6zel hukuk ki\u015filerinin hukuki yetkisi dahilinde talep etti\u011fi ama\u00e7la s\u0131n\u0131rl\u0131 olarak<\/h4>\n<\/td>\n<\/tr>\n<tr style=\"height: 336px;\">\n<td style=\"width: 33.3333%; border-style: solid; height: 336px;\">\n<h4><strong>GRUP \u015e\u0130RKETLER\u0130<\/strong><\/h4>\n<\/td>\n<td style=\"width: 33.3333%; border-style: solid; height: 336px;\">\n<h4>Geo Duvar \u0130n\u015faat Sanayi Ve Ticaret Ltd.\u015eti., Geoduvar \u0130n\u015faat Sanayi Ve Ticaret A.\u015e., Atlasyol Marin \u0130n\u015faat San.Ve Tic.Ltd.\u015eti., Sams Se\u00e7enekli Tek.Mak.San.Tic.Ltd.\u015eti. (Grup \u015eirket bilgilerinin ayr\u0131nt\u0131lar\u0131na i\u015fbu metnin sonunda ula\u015fabilirsiniz.)<\/h4>\n<\/td>\n<td style=\"width: 33.3333%; border-style: solid; height: 336px;\">\n<h4>Birlikte hizmet g\u00f6r\u00fclmesi gerekilen durumlarda faaliyetin gerekli k\u0131ld\u0131\u011f\u0131 durumlarda, kurumsal ileti\u015fim, planlama faaliyetleri kapsam\u0131nda<\/h4>\n<\/td>\n<\/tr>\n<\/tbody>\n<\/table>\n<h4><\/h4>\n<h4><strong>IV. TANIMLAR<\/strong><\/h4>\n<table style=\"width: 100%; border-collapse: collapse; border-style: solid; height: 648px;\">\n<tbody>\n<tr style=\"height: 72px;\">\n<td style=\"width: 50%; border-style: solid; height: 72px;\">\n<h4><strong>A\u00c7IK RIZA<\/strong><\/h4>\n<\/td>\n<td style=\"width: 50%; border-style: solid; height: 72px;\">\n<h4>Belirli bir konuya ili\u015fkin, bilgilendirilmeye dayanan ve \u00f6zg\u00fcr iradeyle a\u00e7\u0131klanan r\u0131za.<\/h4>\n<\/td>\n<\/tr>\n<tr style=\"height: 24px;\">\n<td style=\"width: 50%; border-style: solid; height: 24px;\">\n<h4><strong>ANAYASA<\/strong><\/h4>\n<\/td>\n<td style=\"width: 50%; border-style: solid; height: 24px;\">\n<h4>1982 tarihli T.C. Anayasas\u0131.<\/h4>\n<\/td>\n<\/tr>\n<tr style=\"height: 144px;\">\n<td style=\"width: 50%; border-style: solid; height: 144px;\">\n<h4><strong>ANON\u0130M HALE GET\u0130RME\/ANON\u0130MLE\u015eT\u0130RME<\/strong><\/h4>\n<\/td>\n<td style=\"width: 50%; border-style: solid; height: 144px;\">\n<h4>Ki\u015fisel verilerin, ba\u015fka verilerle e\u015fle\u015ftirilerek dahi hi\u00e7bir surette kimli\u011fi belirli veya belirlenebilir bir ger\u00e7ek ki\u015fiyle ili\u015fkilendirilemeyecek h\u00e2le getirilmesi.<\/h4>\n<\/td>\n<\/tr>\n<tr style=\"height: 72px;\">\n<td style=\"width: 50%; border-style: solid; height: 72px;\">\n<h4><strong>\u00c7ALI\u015eAN ADAYI<\/strong><\/h4>\n<\/td>\n<td style=\"width: 50%; border-style: solid; height: 72px;\">\n<h4>\u015eirketimize ba\u015fvuruda bulunan, \u00f6zge\u00e7mi\u015f bilgilerini payla\u015fan ger\u00e7ek ki\u015fi<\/h4>\n<\/td>\n<\/tr>\n<tr style=\"height: 24px;\">\n<td style=\"width: 50%; border-style: solid; height: 24px;\">\n<h4><strong>\u0130LG\u0130L\u0130 K\u0130\u015e\u0130<\/strong><\/h4>\n<\/td>\n<td style=\"width: 50%; border-style: solid; height: 24px;\">\n<h4>Ki\u015fisel verisi i\u015flenen ger\u00e7ek ki\u015fi.<\/h4>\n<\/td>\n<\/tr>\n<tr style=\"height: 24px;\">\n<td style=\"width: 50%; border-style: solid; height: 24px;\">\n<h4><strong>K\u0130\u015e\u0130SEL VER\u0130<\/strong><\/h4>\n<\/td>\n<td style=\"width: 50%; border-style: solid; height: 24px;\">\n<h4>Kimli\u011fi belirli veya belirlenebilir ger\u00e7ek ki\u015fiye ili\u015fkin her t\u00fcrl\u00fc bilgi.<\/h4>\n<\/td>\n<\/tr>\n<tr style=\"height: 24px;\">\n<td style=\"width: 50%; border-style: solid; height: 24px;\">\n<h4><strong>K\u0130\u015e\u0130SEL VER\u0130LER\u0130N \u0130\u015eLENMES\u0130<\/strong><\/h4>\n<\/td>\n<td style=\"width: 50%; border-style: solid; height: 24px;\">\n<h4>Ki\u015fisel verilerin tamamen veya k\u0131smen otomatik olan ya da herhangi bir veri kay\u0131t sisteminin par\u00e7as\u0131 olmak kayd\u0131yla otomatik olmayan yollarla elde edilmesi, kaydedilmesi, depolanmas\u0131, muhafaza edilmesi, de\u011fi\u015ftirilmesi, yeniden d\u00fczenlenmesi, a\u00e7\u0131klanmas\u0131, aktar\u0131lmas\u0131, devral\u0131nmas\u0131, elde edilebilir h\u00e2le getirilmesi, s\u0131n\u0131fland\u0131r\u0131lmas\u0131 ya da kullan\u0131lmas\u0131n\u0131n engellenmesi gibi veriler \u00fczerinde ger\u00e7ekle\u015ftirile her t\u00fcrl\u00fc i\u015flem.<\/h4>\n<\/td>\n<\/tr>\n<tr style=\"height: 24px;\">\n<td style=\"width: 50%; border-style: solid; height: 24px;\">\n<h4><strong>KOM\u0130TE<\/strong><\/h4>\n<\/td>\n<td style=\"width: 50%; border-style: solid; height: 24px;\">\n<h4>Ki\u015fisel Verileri Koruma Komitesi<\/h4>\n<\/td>\n<\/tr>\n<tr style=\"height: 24px;\">\n<td style=\"width: 50%; border-style: solid; height: 24px;\">\n<h4><strong>KURUL<\/strong><\/h4>\n<\/td>\n<td style=\"width: 50%; border-style: solid; height: 24px;\">\n<h4>Ki\u015fisel Verileri Koruma Kurulu.<\/h4>\n<\/td>\n<\/tr>\n<tr style=\"height: 24px;\">\n<td style=\"width: 50%; border-style: solid; height: 24px;\">\n<h4><strong>KURUM<\/strong><\/h4>\n<\/td>\n<td style=\"width: 50%; border-style: solid; height: 24px;\">\n<h4>Ki\u015fisel Verileri Koruma Kurumu<\/h4>\n<\/td>\n<\/tr>\n<tr style=\"height: 24px;\">\n<td style=\"width: 50%; border-style: solid; height: 24px;\">\n<h4><strong>KVKK<\/strong><\/h4>\n<\/td>\n<td style=\"width: 50%; border-style: solid; height: 24px;\">\n<h4>6698 Say\u0131l\u0131 Ki\u015fisel Verilerin Korunmas\u0131 Kanunu<\/h4>\n<\/td>\n<\/tr>\n<tr style=\"height: 24px;\">\n<td style=\"width: 50%; border-style: solid; height: 24px;\">\n<h4><strong>\u00d6ZEL N\u0130TEL\u0130KL\u0130 K\u0130\u015e\u0130SEL VER\u0130<\/strong><\/h4>\n<\/td>\n<td style=\"width: 50%; border-style: solid; height: 24px;\">\n<h4>Irk, etnik k\u00f6ken, siyasi d\u00fc\u015f\u00fcnce, felsefi inan\u00e7, din, mezhep veya di\u011fer inan\u00e7lar, k\u0131l\u0131k k\u0131yafet, dernek, vak\u0131f ya da sendika \u00fcyeli\u011fi, sa\u011fl\u0131k, cinsel hayat, ceza mahkumiyeti ve g\u00fcvenlik tedbirleriyle ilgili veriler ile biyometrik ve genetik veriler.<\/h4>\n<\/td>\n<\/tr>\n<tr style=\"height: 24px;\">\n<td style=\"width: 50%; border-style: solid; height: 24px;\">\n<h4><strong>POL\u0130T\u0130KA<\/strong><\/h4>\n<\/td>\n<td style=\"width: 50%; border-style: solid; height: 24px;\">\n<h4>KVK Politikas\u0131.<\/h4>\n<\/td>\n<\/tr>\n<tr style=\"height: 24px;\">\n<td style=\"width: 50%; border-style: solid; height: 24px;\">\n<h4><strong>POTANS\u0130YEL M\u00dc\u015eTER\u0130<\/strong><\/h4>\n<\/td>\n<td style=\"width: 50%; border-style: solid; height: 24px;\">\n<h4>Mal\/hizmetleri kullanmas\u0131 team\u00fcl ve d\u00fcr\u00fcstl\u00fck kural\u0131 gere\u011fi beklenen ki\u015filer<\/h4>\n<\/td>\n<\/tr>\n<tr style=\"height: 24px;\">\n<td style=\"width: 50%; border-style: solid; height: 24px;\">\n<h4><strong>\u015e\u0130RKET (Veri Sorumlusu)<\/strong><\/h4>\n<\/td>\n<td style=\"width: 50%; border-style: solid; height: 24px;\">\n<h4>Atlasyol Yol Maden Proje \u0130n\u015f M\u00fcteahhitlik Dan. M\u00fchendislik San \u0130\u00e7 Ve D\u0131\u015f Tic. A.\u015e<\/h4>\n<\/td>\n<\/tr>\n<tr style=\"height: 24px;\">\n<td style=\"width: 50%; border-style: solid; height: 24px;\">\n<h4><strong>VER\u0130 SAH\u0130B\u0130 BA\u015eVURU FORMU<\/strong><\/h4>\n<\/td>\n<td style=\"width: 50%; border-style: solid; height: 24px;\">\n<h4>\u0130lgili ki\u015fisel veri sahipleri taraf\u0131ndan KVKK 11\u2019de mevcut haklar\u0131n kullan\u0131lmas\u0131 i\u00e7in faydalan\u0131lan form.<\/h4>\n<\/td>\n<\/tr>\n<tr style=\"height: 24px;\">\n<td style=\"width: 50%; border-style: solid; height: 24px;\">\n<h4><strong>VER\u0130 \u0130\u015eLEYEN<\/strong><\/h4>\n<\/td>\n<td style=\"width: 50%; border-style: solid; height: 24px;\">\n<h4>Veri sorumlusunun verdi\u011fi yetkiye dayanarak onun ad\u0131na ki\u015fisel verileri i\u015fleyen ger\u00e7ek veya t\u00fczel ki\u015fi.<\/h4>\n<\/td>\n<\/tr>\n<tr style=\"height: 24px;\">\n<td style=\"width: 50%; border-style: solid; height: 24px;\">\n<h4><strong>VER\u0130 SORUMLUSU<\/strong><\/h4>\n<\/td>\n<td style=\"width: 50%; border-style: solid; height: 24px;\">\n<h4>Ki\u015fisel verilerin i\u015fleme ama\u00e7lar\u0131n\u0131 ve vas\u0131talar\u0131n\u0131 belirleyen, veri kay\u0131t sisteminin kurulmas\u0131ndan ve y\u00f6netilmesinden sorumlu olan ger\u00e7ek veya t\u00fczel ki\u015fi. \u0130\u015fbu politika kapsam\u0131nda Atlasyol Yol Maden Proje \u0130n\u015f M\u00fcteahhitlik Dan. M\u00fchendislik San \u0130\u00e7 Ve D\u0131\u015f Tic. A.\u015e\u2019dir.<\/h4>\n<\/td>\n<\/tr>\n<\/tbody>\n<\/table>\n<p>&nbsp;<\/p>\n<h4><strong>V. \u015e\u0130RKET ve GRUP \u015e\u0130RKET B\u0130LG\u0130LER\u0130<\/strong><\/h4>\n<table style=\"width: 100%; border-collapse: collapse; border-style: solid;\">\n<tbody>\n<tr>\n<td style=\"width: 50%; border-style: solid; text-align: center;\">\n<h4><strong>\u015e\u0130RKET ADI<\/strong><\/h4>\n<\/td>\n<td style=\"width: 50%; border-style: solid; text-align: center;\">\n<h4><strong>B\u0130LG\u0130LER\u0130<\/strong><\/h4>\n<\/td>\n<\/tr>\n<tr>\n<td style=\"width: 50%; border-style: solid;\">\n<h4><strong>ATLASYOL YOL MADEN PROJE \u0130N\u015e M\u00dcTEAHH\u0130TL\u0130K DAN. M\u00dcHEND\u0130SL\u0130K SAN \u0130\u00c7 VE DI\u015e T\u0130C. A.\u015e<\/strong><\/h4>\n<\/td>\n<td style=\"width: 50%; border-style: solid;\">\n<h4>VERG\u0130 DA\u0130RES\u0130 : BEYKOZ VERG\u0130 NO : 102 042 0643 T\u0130CARET S\u0130C\u0130L NO : 819360<\/h4>\n<\/td>\n<\/tr>\n<tr>\n<td style=\"width: 50%; border-style: solid;\">\n<h4><strong>GEO DUVAR \u0130N\u015eAAT SANAY\u0130 VE T\u0130CARET LTD.\u015eT\u0130.<\/strong><\/h4>\n<\/td>\n<td style=\"width: 50%; border-style: solid;\">\n<h4>VERG\u0130 DA\u0130RES\u0130 : BEYKOZ VERG\u0130 NO : 394 017 5204 T\u0130CARET S\u0130C\u0130L NO : 460421<\/h4>\n<\/td>\n<\/tr>\n<tr>\n<td style=\"width: 50%; border-style: solid;\">\n<h4><strong>GEODUVAR \u0130N\u015eAAT SANAY\u0130 VE <\/strong><strong>T\u0130CARET A.\u015e.<\/strong><\/h4>\n<\/td>\n<td style=\"width: 50%; border-style: solid;\">\n<h4>VERG\u0130 DA\u0130RES\u0130 : BEYKOZ VERG\u0130 NO : 394 049 6037 T\u0130CARET S\u0130C\u0130L NO : 83342-5<\/h4>\n<\/td>\n<\/tr>\n<tr>\n<td style=\"width: 50%; border-style: solid;\">\n<h4><strong>ATLASYOL MAR\u0130N \u0130N\u015eAAT SAN.VE <\/strong><strong>T\u0130C.LTD.\u015eT\u0130.<\/strong><\/h4>\n<\/td>\n<td style=\"width: 50%; border-style: solid;\">\n<h4>VERG\u0130 DA\u0130RES\u0130 : BEYKOZ VERG\u0130 NO : 815 046 4345 T\u0130CARET S\u0130C\u0130L NO : 770222<\/h4>\n<\/td>\n<\/tr>\n<tr>\n<td style=\"width: 50%; border-style: solid;\">\n<h4><strong>SAMS SE\u00c7ENEKL\u0130 <\/strong><strong>TEK.MAK.SAN.T\u0130C.LTD.\u015eT\u0130.<\/strong><\/h4>\n<\/td>\n<td style=\"width: 50%; border-style: solid;\">\n<h4>VERG\u0130 DA\u0130RES\u0130 : BEYKOZ VERG\u0130 NO : 742 005 8018 T\u0130CARET S\u0130C\u0130L NO : 346806<\/h4>\n<\/td>\n<\/tr>\n<\/tbody>\n<\/table>\n<h4><\/h4>\n\n\t\t<\/div>\n\t<\/div>\n<\/div><\/div><div class=\"vc_tta-panel\" id=\"1605881279647-33412560-35c4\" data-vc-content=\".vc_tta-panel-body\"><div class=\"vc_tta-panel-heading\"><h4 class=\"vc_tta-panel-title\"><a href=\"#1605881279647-33412560-35c4\" data-vc-accordion data-vc-container=\".vc_tta-container\"><span class=\"vc_tta-title-text\">G\u0130ZL\u0130L\u0130K POL\u0130T\u0130KASI<\/span><\/a><\/h4><\/div><div class=\"vc_tta-panel-body\"><div class=\"vc_empty_space\"   style=\"height: 32px\"><span class=\"vc_empty_space_inner\"><\/span><\/div><div class=\"vc_separator wpb_content_element vc_separator_align_center vc_sep_width_100 vc_sep_pos_align_center vc_separator_no_text vc_sep_color_grey\" ><span class=\"vc_sep_holder vc_sep_holder_l\"><span  class=\"vc_sep_line\"><\/span><\/span><span class=\"vc_sep_holder vc_sep_holder_r\"><span  class=\"vc_sep_line\"><\/span><\/span>\n<\/div><div class=\"vc_empty_space\"   style=\"height: 32px\"><span class=\"vc_empty_space_inner\"><\/span><\/div>\n\t<div class=\"wpb_text_column wpb_content_element\" >\n\t\t<div class=\"wpb_wrapper\">\n\t\t\t<h2 style=\"text-align: center;\"><strong>ATLASYOL YOL MADEN PROJE \u0130N\u015e M\u00dcTEAHH\u0130TL\u0130K DAN. M\u00dcHEND\u0130SL\u0130K SAN \u0130\u00c7<\/strong><br \/>\n<strong>VE DI\u015e T\u0130C. A.\u015e<\/strong><\/h2>\n<h2 style=\"text-align: center;\"><strong>G\u0130ZL\u0130L\u0130K POL\u0130T\u0130KASI<\/strong><\/h2>\n\n\t\t<\/div>\n\t<\/div>\n\n\t<div class=\"wpb_text_column wpb_content_element\" >\n\t\t<div class=\"wpb_wrapper\">\n\t\t\t<h4 style=\"text-align: left;\">\u015eirketimiz siz de\u011ferli ziyaret\u00e7ilerimizin bilgi g\u00fcvenli\u011fi konusunda \u015firketimiz taraf\u0131ndan gizlilik politikas\u0131 olu\u015fturmu\u015f ve sizlere bu konuda bilgi vermek amac\u0131yla i\u015fbu politika yay\u0131nlanm\u0131\u015ft\u0131r.<\/h4>\n<h4 style=\"text-align: left;\">\u015eirketimize ait olan www.atlasyol.schuhenwelt.ch adresinin ileti\u015fim b\u00f6l\u00fcm\u00fcmde mevcut ileti\u015fim formu ile bizle irtibata ge\u00e7mek isteyen ki\u015filerin bir tak\u0131m ki\u015fisel bilgileri (isim-soy isim, firma bilgileri, g\u00f6rsel veya i\u015fitsel kay\u0131tlar, \u00f6zl\u00fck bilgiler, telefon, adres veya e-posta adresleri gibi) \u015firketimiz taraf\u0131ndan me\u015fru ama\u00e7larla toplanmakta ve talebinizi do\u011frultusunda i\u015flem yap\u0131lmas\u0131 i\u00e7in gereken s\u00fcre boyunca\/kanuni y\u00fck\u00fcml\u00fcl\u00fcklerimizin yerine getirilmesi i\u00e7in \u00f6ng\u00f6r\u00fclen s\u00fcre kapsam\u0131nda saklanmaktad\u0131r.<\/h4>\n<h4 style=\"text-align: left;\">Payla\u015ft\u0131\u011f\u0131n\u0131z ki\u015fisel verileriniz; faaliyetlerimizin devam\u0131, talep\/\u015fikayetleri alabilmek, hizmet kalitemizi art\u0131rmak, s\u00f6zle\u015fmesel y\u00fck\u00fcml\u00fcl\u00fcklerimizi yerine getirmek ve sizlerin s\u00f6zle\u015fmesel haklar\u0131n\u0131z\u0131n teminini sa\u011flamak amac\u0131yla i\u015flenmektedir.<\/h4>\n<h4 style=\"text-align: left;\">\u015eirketimiz bizle payla\u015ft\u0131\u011f\u0131n\u0131z bu bilgileri gizli tutmak, gizlili\u011fin s\u00fcrd\u00fcr\u00fclmesini sa\u011flamak , bu bilgilere \u00fc\u00e7\u00fcnc\u00fc ki\u015filerin eri\u015fimini \u00f6nlemek amac\u0131yla gerekli tedbirleri alm\u0131\u015ft\u0131r.<\/h4>\n<h4 style=\"text-align: left;\">\u015eirketimiz, web sitesi i\u00e7erisinde \u00fc\u00e7\u00fcnc\u00fc ki\u015filere ait web sitelerine link verebilir. Ancak bu web sitelerin gizlilik politikas\u0131na, uygulamalar\u0131na ve i\u00e7eriklerine y\u00f6nelik herhangi bir sorumlulu\u011fu yoktur. \u0130\u015fbu Gizlilik Politikas\u0131 , sadece \u015firketimize ait olup, \u00fc\u00e7\u00fcnc\u00fc ki\u015filere ait web sitelerini kapsamamaktad\u0131r.<\/h4>\n<h4 style=\"text-align: left;\">Payla\u015ft\u0131\u011f\u0131n\u0131z bilgiler a\u015fa\u011f\u0131da say\u0131lanlar d\u0131\u015f\u0131nda \u00fc\u00e7\u00fcnc\u00fc ki\u015filerle payla\u015f\u0131lmaz, kiralanmaz ya da sat\u0131lmaz. Sitemizde payla\u015ft\u0131\u011f\u0131n\u0131z bu bilgiler talebiniz do\u011frultusunda kullan\u0131l\u0131r ve\/veya i\u015f al\u0131m s\u00fcre\u00e7lerinde de\u011ferlendirilir. Bu kapsamda bilgilere eri\u015febilecek olan bu konuda yetkili ve bilgileri gizli tutmakla y\u00fck\u00fcml\u00fc olan \u015firketimiz personelidir. Bu bilgilerin bilgi g\u00fcvenli\u011fini temin etmek amac\u0131 ile gizli tutma y\u00fck\u00fcml\u00fcl\u00fc\u011f\u00fc mevcut yetkili ki\u015filerle, grup \u015firketlerimizle, faaliyetlerimizi y\u00fcr\u00fctmek \u00fczere hizmet<br \/>\nald\u0131\u011f\u0131m\u0131z ve\/veya verdi\u011fimiz, s\u00f6zle\u015fmesel ili\u015fki i\u00e7erisinde bulundu\u011fumuz, i\u015f birli\u011fi yapt\u0131\u011f\u0131m\u0131z ki\u015filerle, bir ara\u015ft\u0131rma, soru\u015fturma ya da kovu\u015fturma gere\u011fi olarak yetkili olan adli\/idari\/di\u011fer \u00f6zel hukuk ki\u015fileri ile payla\u015f\u0131lmas\u0131, kanuni y\u00fck\u00fcml\u00fcl\u00fcklerin yerine getirilmesi amac\u0131yla gerekli teknik\/idari \u00f6nlemlerin al\u0131nmas\u0131 \u015fart\u0131yla payla\u015f\u0131lmas\u0131 m\u00fcmk\u00fcnd\u00fcr.<br \/>\n\u015eirketimiz i\u015fbu Gizlilik politikas\u0131 h\u00fck\u00fcmlerini \u015firketimiz web sitesinde yay\u0131nlar. Gizlilik politikas\u0131nda yap\u0131labilecek herhangi bir g\u00fcncelleme ya da de\u011fi\u015fiklik halinde gizlilik politikas\u0131n\u0131n yeni hali de \u015firketimiz web sitesinde yay\u0131nlan\u0131r.<\/h4>\n<h4 style=\"text-align: left;\">KVKK madde 11 uyar\u0131nca \u015firketimize ba\u015fvurarak a\u015fa\u011f\u0131daki haklar\u0131n\u0131z\u0131 kullanabilirsiniz:<\/h4>\n<h4 style=\"text-align: left; padding-left: 80px;\">a. Ki\u015fisel veri i\u015flenip i\u015flenmedi\u011fini \u00f6\u011frenme,<br \/>\nb. Ki\u015fisel verileri i\u015flenmi\u015fse buna ili\u015fkin bilgi talep etme,<br \/>\nc. Ki\u015fisel verilerin i\u015flenme amac\u0131n\u0131 ve bunlar\u0131n amac\u0131na uygun kullan\u0131l\u0131p kullan\u0131lmad\u0131\u011f\u0131n\u0131<br \/>\n\u00f6\u011frenme,<br \/>\nd. Yurt i\u00e7inde veya yurt d\u0131\u015f\u0131nda ki\u015fisel verilerin aktar\u0131ld\u0131\u011f\u0131 \u00fc\u00e7\u00fcnc\u00fc ki\u015fileri bilme,<br \/>\ne. Ki\u015fisel verilerin eksik veya yanl\u0131\u015f i\u015flenmi\u015f olmas\u0131 h\u00e2linde bunlar\u0131n d\u00fczeltilmesini isteme,<br \/>\nf. Ki\u015fisel verilerin silinmesini veya yok edilmesini isteme,<br \/>\ng. (e) ve (f) bentleri uyar\u0131nca yap\u0131lan i\u015flemlerin, ki\u015fisel verilerin aktar\u0131ld\u0131\u011f\u0131 \u00fc\u00e7\u00fcnc\u00fc ki\u015filere bildirilmesini isteme,<br \/>\nh. \u0130\u015flenen verilerin m\u00fcnhas\u0131ran otomatik sistemler vas\u0131tas\u0131yla analiz edilmesi suretiyle ki\u015finin kendisi aleyhine bir sonucun ortaya \u00e7\u0131kmas\u0131na itiraz etme,<br \/>\ni. Ki\u015fisel verilerin kanuna ayk\u0131r\u0131 olarak i\u015flenmesi sebebiyle zarara u\u011framas\u0131 h\u00e2linde zarar\u0131n giderilmesini talep etme.<\/h4>\n<h4 style=\"text-align: left;\">Gizlilik politikam\u0131z\u0131 kabul edip etmemek konusunda bir zorunlulu\u011funuz bulunmamaktad\u0131r ancak web sitemize eri\u015fimizin devam etti\u011fi s\u00fcrece bu politika h\u00fck\u00fcmlerini kabul etti\u011finiz varsay\u0131lacakt\u0131r. Gizlilik politikam\u0131z ile ilgili her t\u00fcrl\u00fc soru ve \u00f6nerileriniz i\u00e7in kvkk@atlasyol.schuhenwelt.ch adresine email<br \/>\ng\u00f6nderebilirsiniz. Yine \u015firketimize \u015fu ileti\u015fim bilgileri ile de ula\u015fabilirsiniz:<\/h4>\n\n\t\t<\/div>\n\t<\/div>\n\n\t<div class=\"wpb_text_column wpb_content_element\" >\n\t\t<div class=\"wpb_wrapper\">\n\t\t\t<h3><\/h3>\n<table style=\"width: 100%; border-collapse: collapse; border-style: solid;\">\n<tbody>\n<tr>\n<td style=\"width: 50%; border-style: solid;\">\n<h4><strong>ATLASYOL YOL MADEN PROJE \u0130N\u015e M\u00dcTEAHH\u0130TL\u0130K DAN. M\u00dcHEND\u0130SL\u0130K SAN \u0130\u00c7 VE DI\u015e T\u0130C. A.\u015e<\/strong><\/h4>\n<\/td>\n<td style=\"width: 50%; border-style: solid;\">\n<h4>VERG\u0130 DA\u0130RES\u0130 : BEYKOZ VERG\u0130 NO : 102 042 0643 T\u0130CARET S\u0130C\u0130L NO : 819360<\/h4>\n<\/td>\n<\/tr>\n<\/tbody>\n<\/table>\n\n\t\t<\/div>\n\t<\/div>\n<\/div><\/div><div class=\"vc_tta-panel\" id=\"1605868900538-78500e4e-ae76\" data-vc-content=\".vc_tta-panel-body\"><div class=\"vc_tta-panel-heading\"><h4 class=\"vc_tta-panel-title\"><a href=\"#1605868900538-78500e4e-ae76\" data-vc-accordion data-vc-container=\".vc_tta-container\"><span class=\"vc_tta-title-text\">KULLANIM KO\u015eULLARI<\/span><\/a><\/h4><\/div><div class=\"vc_tta-panel-body\"><div class=\"vc_empty_space\"   style=\"height: 32px\"><span class=\"vc_empty_space_inner\"><\/span><\/div><div class=\"vc_separator wpb_content_element vc_separator_align_center vc_sep_width_100 vc_sep_pos_align_center vc_separator_no_text vc_sep_color_grey\" ><span class=\"vc_sep_holder vc_sep_holder_l\"><span  class=\"vc_sep_line\"><\/span><\/span><span class=\"vc_sep_holder vc_sep_holder_r\"><span  class=\"vc_sep_line\"><\/span><\/span>\n<\/div><div class=\"vc_empty_space\"   style=\"height: 32px\"><span class=\"vc_empty_space_inner\"><\/span><\/div>\n\t<div class=\"wpb_text_column wpb_content_element\" >\n\t\t<div class=\"wpb_wrapper\">\n\t\t\t<h2 style=\"text-align: center;\"><strong>ATLASYOL YOL MADEN PROJE \u0130N\u015e M\u00dcTEAHH\u0130TL\u0130K DAN. M\u00dcHEND\u0130SL\u0130K SAN \u0130\u00c7<\/strong><br \/>\n<strong>VE DI\u015e T\u0130C. A.\u015e<\/strong><\/h2>\n<h2 style=\"text-align: center;\"><strong>KULLANIM KO\u015eULLARI<\/strong><\/h2>\n\n\t\t<\/div>\n\t<\/div>\n\n\t<div class=\"wpb_text_column wpb_content_element\" >\n\t\t<div class=\"wpb_wrapper\">\n\t\t\t<h4>Say\u0131n ziyaret\u00e7imiz, \u015eirketimiz ATLASYOL YOL MADEN PROJE \u0130N\u015e M\u00dcTEAHH\u0130TL\u0130K DAN. M\u00dcHEND\u0130SL\u0130K SAN \u0130\u00c7 VE DI\u015e T\u0130C. A.\u015e taraf\u0131ndan y\u00f6netilen www.atlasyol.schuhenwelt.ch adresine ait kullan\u0131m ko\u015fullar\u0131 i\u015fbu metin ile taraf\u0131n\u0131za a\u00e7\u0131klanacakt\u0131r. Ko\u015fullar\u0131 kabul etmedi\u011finiz taktirde l\u00fctfen siteye eri\u015fimizi sonland\u0131r\u0131n\u0131z. Siteye eri\u015fimizin devam etti\u011fi s\u00fcrece buradaki ko\u015fullar\u0131 ko\u015fulsuz ve \u015farts\u0131z kabul etti\u011finiz varsay\u0131lacakt\u0131r.<\/h4>\n<h4>\u015eirketimize ait web sitesine yapaca\u011f\u0131n\u0131z eri\u015fim ve kullan\u0131m\u0131n\u0131z ile ili\u015fkin bilgiler \u201cGizlilik Politikas\u0131&#8217;ndaki ilkelere uygun olarak i\u015flenir.<\/h4>\n<h4>Sitemizde her \u015fey oldu\u011fu gibi yay\u0131nlanmaktad\u0131r. Sitemizde bulunan metin, resim, ses, grafik, kod, logo, yaz\u0131l\u0131m sahibi vb. t\u00fcm unsurlar\u0131n (bundan sonra \u201ci\u00e7erik\u201d olarak an\u0131lacakt\u0131r) sahibi ATLASYOL YOL MADEN PROJE \u0130N\u015e M\u00dcTEAHH\u0130TL\u0130K DAN. M\u00dcHEND\u0130SL\u0130K SAN \u0130\u00c7 VE DI\u015e T\u0130C. A.\u015e olup, t\u00fcm<br \/>\nhaklar\u0131 sakl\u0131d\u0131r. \u0130\u00e7eri\u011fe ait herhangi bir unsurun ya da tamam\u0131n\u0131n yaz\u0131l\u0131 izin olmaks\u0131z\u0131n \u00e7o\u011falt\u0131lmas\u0131 yada kopyalanmas\u0131 kesinlikle yasakt\u0131r.<\/h4>\n<h4>Sitemize iletti\u011finiz her t\u00fcrl\u00fc bilgi (talep,\u015fikayet vb.) \u015firketimiz m\u00fclkiyetinde kabul edilecektir. Bu bilgilerin gizli tutulmas\u0131 as\u0131l olsa da gizlilik politikas\u0131nda ifade edildi\u011fi \u00fczere \u00f6zellikle yasal mevzuat, yetkili adli ve idari merciiler ve bunlarla s\u0131n\u0131rl\u0131 olmamak \u00fczere \u00fc\u00e7\u00fcnc\u00fc ki\u015filerle payla\u015f\u0131labilmesi m\u00fcmk\u00fcnd\u00fcr.<\/h4>\n<h4>Siteye eri\u015fen ziyaret\u00e7ilerimiz, siteyi hukuka uygun, me\u015fru ama\u00e7lar i\u00e7in kullanmal\u0131d\u0131r. Sitede ziyaret\u00e7ilerin faaliyetler sonucu do\u011fabilecek zarar\/kay\u0131plardan \u015firketimizin herhangi bir sorumlulu\u011fu<br \/>\nbulunmamaktad\u0131r.<\/h4>\n<h4>\u015eirketimizce \u00fc\u00e7\u00fcnc\u00fc ki\u015filere ait web sitelerine link yoluyla eri\u015fim sa\u011flanabilmektedir. Ancak \u015firketimiz, bu \u00fc\u00e7\u00fcnc\u00fc ki\u015fi web sitelerine ait i\u00e7eriklerle ilgili olarak herhangi bir sorumluluk kabul etmemektedir.<\/h4>\n<h4>Vir\u00fcslere kar\u015f\u0131 web sitemizde \u00f6nleyici ve koruyucu tedbirler al\u0131nmas\u0131na ra\u011fmen, tamamen vir\u00fcslerden ar\u0131nm\u0131\u015f bir web sitemiz oldu\u011fu konusunda taahh\u00fct verilememektedir. Siteye eri\u015fmede yahut siteden bir i\u00e7erik indirme sebebiyle meydana gelen zarardan dolay\u0131 \u015firketimiz sorumlu de\u011fildir. Vir\u00fcslere kar\u015f\u0131 ziyaret\u00e7ilerimizin bir sorun ya\u015famas\u0131 ad\u0131na kendilerinin \u00f6nlem almas\u0131 gerekmektedir.<\/h4>\n<h4>\u0130\u015fbu kullan\u0131m ko\u015fullar\u0131 web sitemizde yay\u0131nlanmak ile y\u00fcr\u00fcrl\u00fc\u011fe girer. Kullan\u0131m ko\u015fullar\u0131nda herhangi bir ihbar yap\u0131lmaks\u0131z\u0131n g\u00fcncelleme\/de\u011fi\u015fiklik yap\u0131labilir. Yap\u0131lacak bir g\u00fcncelleme ya da de\u011fi\u015fiklik oldu\u011fu taktirde i\u015fbu kullan\u0131m ko\u015fullar\u0131n\u0131n yeni hali de sitemizde yay\u0131nlanacakt\u0131r.<\/h4>\n<h4>\u0130\u015fbu s\u00f6zle\u015fmenin uygulanmas\u0131ndan do\u011fan her t\u00fcrl\u00fc uyu\u015fmazl\u0131k halinde \u0130stanbul Anadolu Mahkemeleri ve \u0130cra Daireileri yetkili olacakt\u0131r.<\/h4>\n\n\t\t<\/div>\n\t<\/div>\n<\/div><\/div><div class=\"vc_tta-panel\" id=\"1605868940723-5868ac69-aab0\" data-vc-content=\".vc_tta-panel-body\"><div class=\"vc_tta-panel-heading\"><h4 class=\"vc_tta-panel-title\"><a href=\"#1605868940723-5868ac69-aab0\" data-vc-accordion data-vc-container=\".vc_tta-container\"><span class=\"vc_tta-title-text\">B\u0130LG\u0130 ED\u0130NME BA\u015eVURU FORMU<\/span><\/a><\/h4><\/div><div class=\"vc_tta-panel-body\"><div class=\"vc_empty_space\"   style=\"height: 32px\"><span class=\"vc_empty_space_inner\"><\/span><\/div><div class=\"vc_separator wpb_content_element vc_separator_align_center vc_sep_width_100 vc_sep_pos_align_center vc_separator_no_text vc_sep_color_grey\" ><span class=\"vc_sep_holder vc_sep_holder_l\"><span  class=\"vc_sep_line\"><\/span><\/span><span class=\"vc_sep_holder vc_sep_holder_r\"><span  class=\"vc_sep_line\"><\/span><\/span>\n<\/div><div class=\"vc_empty_space\"   style=\"height: 32px\"><span class=\"vc_empty_space_inner\"><\/span><\/div>\n\t<div class=\"wpb_text_column wpb_content_element\" >\n\t\t<div class=\"wpb_wrapper\">\n\t\t\t<h2 style=\"text-align: center;\"><strong>K\u0130\u015e\u0130SEL VER\u0130LER\u0130N KORUNMASI KANUNU<\/strong><br \/>\n<strong>B\u0130LG\u0130 ED\u0130NME<\/strong><\/h2>\n<h2 style=\"text-align: center;\"><strong> BA\u015eVURU FORMU<\/strong><\/h2>\n\n\t\t<\/div>\n\t<\/div>\n\n\t<div class=\"wpb_text_column wpb_content_element\" >\n\t\t<div class=\"wpb_wrapper\">\n\t\t\t<h4>Atlasyol Yol Maden Proje \u0130n\u015f M\u00fcteahhitlik Dan. M\u00fchendislik San \u0130\u00e7 Ve D\u0131\u015f Tic. A.\u015e olarak temel hak ve \u00f6zg\u00fcrl\u00fckler ba\u015fta olmak \u00fczere ki\u015fisel verilerin i\u015flenmesi korunmas\u0131 ve sonraki s\u00fcre\u00e7leri ile \u00f6zel hayat\u0131n gizlili\u011fi konular\u0131ndaki yasal mevzuata ve bu haklara sayg\u0131 \u015firketimizin \u00f6ncelikli politikalar\u0131ndand\u0131r.<\/h4>\n<h4>6698 Say\u0131l\u0131 Ki\u015fisel Verilerin Korunmas\u0131 Kanunu\u2019nun (\u201cKVKK\u201d) \u201c\u0130lgili Ki\u015finin Haklar\u0131\u201d ba\u015fl\u0131kl\u0131 11. Maddesi veri sahiplerine ki\u015fisel verilerinin i\u015flenmesine ili\u015fkin birtak\u0131m taleplerde bulunma hakk\u0131 tan\u0131maktad\u0131r. KVKK 10 kapsam\u0131nda ayd\u0131nlatma y\u00fck\u00fcml\u00fcl\u00fc\u011f\u00fcn\u00fcn bir gere\u011fi olarak ilgili ki\u015filerin 11.maddede say\u0131lan haklar\u0131n\u0131 kullanmas\u0131 amac\u0131yla bilgi edinme ba\u015fvuru formu haz\u0131rlanm\u0131\u015ft\u0131r.<\/h4>\n<h4>Yap\u0131lacak ba\u015fvuru ile KVKK 11 kapsam\u0131nda \u015fu haklar y\u00f6n\u00fcnden bilgi edinebilirsiniz:<\/h4>\n<h4>a) Ki\u015fisel veri i\u015flenip i\u015flenmedi\u011fini \u00f6\u011frenme,<br \/>\nb) Ki\u015fisel verileri i\u015flenmi\u015fse buna ili\u015fkin bilgi talep etme,<br \/>\nc) Ki\u015fisel verilerin i\u015flenme amac\u0131n\u0131 ve bunlar\u0131n amac\u0131na uygun kullan\u0131l\u0131p kullan\u0131lmad\u0131\u011f\u0131n\u0131 \u00f6\u011frenme,<br \/>\n\u00e7) Yurt i\u00e7inde veya yurt d\u0131\u015f\u0131nda ki\u015fisel verilerin aktar\u0131ld\u0131\u011f\u0131 \u00fc\u00e7\u00fcnc\u00fc ki\u015fileri bilme,<br \/>\nd) Ki\u015fisel verilerin eksik veya yanl\u0131\u015f i\u015flenmi\u015f olmas\u0131 h\u00e2linde bunlar\u0131n d\u00fczeltilmesini isteme,<br \/>\ne) 7 nci maddede \u00f6ng\u00f6r\u00fclen \u015fartlar \u00e7er\u00e7evesinde ki\u015fisel verilerin silinmesini veya yok edilmesini isteme,<br \/>\nf) (d) ve (e) bentleri uyar\u0131nca yap\u0131lan i\u015flemlerin, ki\u015fisel verilerin aktar\u0131ld\u0131\u011f\u0131 \u00fc\u00e7\u00fcnc\u00fc ki\u015filere bildirilmesini isteme,<br \/>\ng) \u0130\u015flenen verilerin m\u00fcnhas\u0131ran otomatik sistemler vas\u0131tas\u0131yla analiz edilmesi suretiyle ki\u015finin kendisi aleyhine bir sonucun ortaya \u00e7\u0131kmas\u0131na itiraz etme,<br \/>\n\u011f) Ki\u015fisel verilerin kanuna ayk\u0131r\u0131 olarak i\u015flenmesi sebebiyle zarara u\u011framas\u0131 h\u00e2linde zarar\u0131n giderilmesini talep etme,<\/h4>\n<h4>KVKK\u2019n\u0131n 13. Maddesi gere\u011fi veri sahipleri \u015firketimize yapacaklar\u0131 ba\u015fvurularda taleplerini yaz\u0131l\u0131 olarak veya Ki\u015fisel Verileri Koruma Kurulu\u2019nun belirleyece\u011fi di\u011fer y\u00f6ntemlerle iletirler<\/h4>\n<h4>Bilgi edinme formu doldurulduktan sonra a\u015fa\u011f\u0131da belirtilen y\u00f6ntemlerden birisi kullan\u0131larak \u015firketimize ba\u015fvuru yap\u0131labilir.<\/h4>\n<table style=\"width: 100%; border-collapse: collapse; border-style: solid;\">\n<tbody>\n<tr>\n<td style=\"width: 34.0501%; border-style: solid;\">\n<h4 style=\"text-align: center;\"><strong>BA\u015eVURU \u0130\u00c7\u0130N KULLANILAN ARA\u00c7<\/strong><\/h4>\n<\/td>\n<td style=\"width: 32.6165%; border-style: solid;\">\n<h4 style=\"text-align: center;\"><strong>ADRES<\/strong><\/h4>\n<\/td>\n<td style=\"width: 33.3333%; border-style: solid;\">\n<h4 style=\"text-align: center;\"><strong>A\u00c7IKLAMA<\/strong><\/h4>\n<\/td>\n<\/tr>\n<tr>\n<td style=\"width: 34.0501%; border-style: solid;\">\n<h4><strong>Sistemlerimizde kay\u0131tl\u0131 e-posta adresi<\/strong><\/h4>\n<\/td>\n<td style=\"width: 32.6165%; border-style: solid;\">\n<h4>kvkk@atlasyol.schuhenwelt.ch<\/h4>\n<\/td>\n<td style=\"width: 33.3333%; border-style: solid;\">\n<h4>Konu k\u0131sm\u0131na \u201cKi\u015fisel Verilerin Korunmas\u0131 Bilgi Talebi\u201d yaz\u0131lmal\u0131d\u0131r.<\/h4>\n<\/td>\n<\/tr>\n<tr>\n<td style=\"width: 34.0501%; border-style: solid;\">\n<h4><strong>e-imza\/mobil imza ile<\/strong><\/h4>\n<\/td>\n<td style=\"width: 32.6165%; border-style: solid;\">\n<h4>kvkk@atlasyol.schuhenwelt.ch<\/h4>\n<\/td>\n<td style=\"width: 33.3333%; border-style: solid;\">\n<h4>Konu k\u0131sm\u0131na \u201cKi\u015fisel Verilerin Korunmas\u0131 Bilgi Talebi\u201d yaz\u0131lmal\u0131d\u0131r.<\/h4>\n<\/td>\n<\/tr>\n<tr>\n<td style=\"width: 34.0501%; border-style: solid;\">\n<h4><strong>Bizzat \u015firketimize teslim ile<\/strong><\/h4>\n<\/td>\n<td style=\"width: 32.6165%; border-style: solid;\">\n<h4>Pa\u015fabah\u00e7e Mah. \u00c7ubuklu Cad. Remzibey Sok. No:9 Beykoz\/\u0130ST<\/h4>\n<\/td>\n<td style=\"width: 33.3333%; border-style: solid;\">\n<h4>Zarf\u0131n \u00fczerine \u201cKi\u015fisel Verilerin Korunmas\u0131 Bilgi Talebi\u201d yaz\u0131lmal\u0131d\u0131r.<\/h4>\n<\/td>\n<\/tr>\n<tr>\n<td style=\"width: 34.0501%; border-style: solid;\">\n<h4><strong>Noter vas\u0131tas\u0131 ile<\/strong><\/h4>\n<\/td>\n<td style=\"width: 32.6165%; border-style: solid;\">\n<h4>Pa\u015fabah\u00e7e Mah. \u00c7ubuklu Cad. Remzibey Sok. No:9 Beykoz\/\u0130ST<\/h4>\n<\/td>\n<td style=\"width: 33.3333%; border-style: solid;\">\n<h4>Tebligat zarf\u0131na \u201cKi\u015fisel Verilerin Korunmas\u0131 Bilgi Talebi\u201d yaz\u0131lmal\u0131d\u0131r.<\/h4>\n<\/td>\n<\/tr>\n<\/tbody>\n<\/table>\n<h4><\/h4>\n<h4>S\u00f6z konusu taleplerin ilgili ki\u015finin bizzat kendisi iletilmesi gerekmektedir. Ancak \u0131slak imzal\u0131 ve noter onayl\u0131 asl\u0131 vekaletnamesini ibraz etmek kayd\u0131yla veri sahibi ad\u0131na yetkili oldu\u011funu ispatlayan ki\u015filer taraf\u0131ndan da i\u015fbu ba\u015fvuru yap\u0131labilir.<\/h4>\n<h4>Kural ba\u015fvurunun \u00fccretsiz yap\u0131lmas\u0131d\u0131r. Ancak ayr\u0131ca bir maliyet gerektirmesi durumunda Kurul taraf\u0131ndan belirlenen tarifedeki \u00fccret tahsil edilir.<\/h4>\n<h4>Ba\u015fvurulara cevap s\u00fcresi KVKK 13\/2 gere\u011fi talebin niteli\u011fine g\u00f6re en k\u0131sa s\u00fcrede ya da en ge\u00e7 otuz g\u00fcn i\u00e7inde yan\u0131tlan\u0131r. \u015eirketimiz taraf\u0131ndan verilen yan\u0131tlar KVKK 13 gere\u011fi yaz\u0131l\u0131 ya da elektronik ortamda taraf\u0131n\u0131za ula\u015ft\u0131r\u0131l\u0131r.<\/h4>\n\n\t\t<\/div>\n\t<\/div>\n\n\t<div class=\"wpb_text_column wpb_content_element\" >\n\t\t<div class=\"wpb_wrapper\">\n\t\t\t<h3><strong><a href=\"https:\/\/atlasyol.com\/wp-content\/uploads\/2020\/11\/BASVURU-FORMU-INDIR.pdf\">BA\u015eVURU FORMU \u0130ND\u0130R<\/a><\/strong><\/h3>\n\n\t\t<\/div>\n\t<\/div>\n<\/div><\/div><\/div><\/div><\/div><\/div>\t\t<\/div>\n\t<\/div>\n<\/div>\n\n\n\t<\/div>","protected":false},"excerpt":{"rendered":"AYDINLATMA METN\u0130KVKK POL\u0130T\u0130KASIG\u0130ZL\u0130L\u0130K POL\u0130T\u0130KASIKULLANIM KO\u015eULLARIB\u0130LG\u0130 ED\u0130NME BA\u015eVURU FORMUAYDINLATMA METN\u0130 ATLASYOL YOL MADEN PROJE \u0130N\u015e M\u00dcTEAHH\u0130TL\u0130K DAN. M\u00dcHEND\u0130SL\u0130K SAN \u0130\u00c7 VE DI\u015e T\u0130C. A.\u015e AYDINLATMA METN\u0130 \u015eirketimiz, ki\u015fisel veri sahiplerinin \u00f6zel hayat\u0131n gizlili\u011fini, temel hak ve h\u00fcrriyetleri esas almak \u00fczere ki\u015fisel verilerin korunmas\u0131 ilkelerini kendisine ilke edinmekte ve bu kapsamda i\u015fbu metin ile 6698 say\u0131l\u0131 Ki\u015fisel &hellip; <a href=\"https:\/\/atlasyol.com\/en\/gizlilik-politikasi-ve-kullanim-kosullari\/\" class=\"more-link\">Continue reading <span class=\"screen-reader-text\">Privacy Policy | Terms of Use<\/span><\/a>","protected":false},"author":1,"featured_media":0,"parent":0,"menu_order":0,"comment_status":"closed","ping_status":"closed","template":"","meta":[],"_links":{"self":[{"href":"https:\/\/atlasyol.com\/en\/wp-json\/wp\/v2\/pages\/7873"}],"collection":[{"href":"https:\/\/atlasyol.com\/en\/wp-json\/wp\/v2\/pages"}],"about":[{"href":"https:\/\/atlasyol.com\/en\/wp-json\/wp\/v2\/types\/page"}],"author":[{"embeddable":true,"href":"https:\/\/atlasyol.com\/en\/wp-json\/wp\/v2\/users\/1"}],"replies":[{"embeddable":true,"href":"https:\/\/atlasyol.com\/en\/wp-json\/wp\/v2\/comments?post=7873"}],"version-history":[{"count":21,"href":"https:\/\/atlasyol.com\/en\/wp-json\/wp\/v2\/pages\/7873\/revisions"}],"predecessor-version":[{"id":7896,"href":"https:\/\/atlasyol.com\/en\/wp-json\/wp\/v2\/pages\/7873\/revisions\/7896"}],"wp:attachment":[{"href":"https:\/\/atlasyol.com\/en\/wp-json\/wp\/v2\/media?parent=7873"}],"curies":[{"name":"wp","href":"https:\/\/api.w.org\/{rel}","templated":true}]}}